{"id":12772,"date":"2021-02-10T15:18:16","date_gmt":"2021-02-10T15:18:16","guid":{"rendered":"https:\/\/adcecija.pt\/?page_id=12772"},"modified":"2025-03-24T09:46:03","modified_gmt":"2025-03-24T09:46:03","slug":"practice-areas-tmt","status":"publish","type":"page","link":"https:\/\/adcecija.pt\/en\/practice-areas-tmt\/","title":{"rendered":"Practice Areas &#8211; TMT &#8211; Technology, Media &#038; Telecommunications"},"content":{"rendered":"<section id=\"bt_bb_section69ef952f263d2\" class=\"bt_bb_section bt_bb_layout_boxed_1200 bt_bb_vertical_align_top\"  data-bt-override-class=\"null\"><div class=\"bt_bb_background_image_holder_wrapper\"><div class=\"bt_bb_background_image_holder btLazyLoadBackground\"  data-background_image_src=\"https:\/\/adcecija.pt\/wp-content\/uploads\/2022\/08\/Banner_APs.png\" data-parallax-zoom-start=\"1\" data-parallax-zoom-end=\"1\" data-parallax-blur-start=\"0\" data-parallax-blur-end=\"0\" data-parallax-opacity-start=\"1\" data-parallax-opacity-end=\"1\" style=\" background-image: url(&#039;https:\/\/adcecija.pt\/wp-content\/plugins\/bold-page-builder\/img\/blank.gif&#039;);\"><\/div><\/div><div class=\"bt_bb_port\"><div class=\"bt_bb_cell\"><div class=\"bt_bb_cell_inner\"><div class=\"bt_bb_row_wrapper\"><div  class=\"bt_bb_row\"  data-bt-override-class=\"{}\"><div  class=\"bt_bb_column col-xl-12 bt_bb_align_left bt_bb_padding_normal bt_bb_animation_zoom_in animate\"  data-width=\"12\" data-bt-override-class=\"{}\"><div class=\"bt_bb_column_content bt_bb_vertical_align_top bt_bb_color_scheme_\"><div class=\"bt_bb_column_content_inner\"><div class=\"bt_bb_separator bt_bb_border_style_none bt_bb_top_spacing_130 bt_bb_bottom_spacing_130\" data-bt-override-class=\"null\"><\/div><header id=\"titulopagina\" class=\"bt_bb_headline bt_bb_font_weight_bold bt_bb_dash_none bt_bb_size_extralarge bt_bb_align_center\" style=\";font-family:&#039;Roboto&#039;;color:#ffffff;border-color:#ffffff;\" data-bt-override-class=\"{}\"><h1 style=\"font-family:'Roboto'; font-size:93px\" class=\"bt_bb_headline_tag\"><span class=\"bt_bb_headline_content\"><span>Practice Areas<\/span><\/span><\/h1><\/header><div class=\"bt_bb_separator bt_bb_border_style_none bt_bb_top_spacing_130 bt_bb_bottom_spacing_130\" data-bt-override-class=\"null\"><\/div><\/div><\/div><\/div><\/div><\/div><\/div><!-- cell_inner --><\/div><!-- cell --><\/div><!-- port --><\/section><section id=\"bt_bb_section69ef952f26a0f\" class=\"bt_bb_section bt_bb_layout_boxed_1200\"  data-bt-override-class=\"null\"><div class=\"bt_bb_port\"><div class=\"bt_bb_cell\"><div class=\"bt_bb_cell_inner\"><div class=\"bt_bb_row_wrapper\"><div  class=\"bt_bb_row\"  data-bt-override-class=\"{}\"><div id=\"tailordiv\" class=\"bt_bb_column col-xl-12 bt_bb_align_center bt_bb_padding_normal bt_bb_animation_fade_in bt_bb_animation_move_left animate\"  data-width=\"12\" data-bt-override-class=\"{}\"><div class=\"bt_bb_column_content bt_bb_vertical_align_top bt_bb_color_scheme_\"><div class=\"bt_bb_column_content_inner\"><div class=\"bt_bb_separator bt_bb_border_style_none bt_bb_top_spacing_25\" data-bt-override-class=\"null\"><\/div><header class=\"bt_bb_headline bt_bb_font_weight_light bt_bb_color_scheme_6 bt_bb_dash_gray bt_bb_size_normal bt_bb_align_inherit bt_bb_supertitle_font_weight_normal bt_bb_subtitle_font_weight_normal\" style=\";font-family:&#039;Roboto&#039;; --primary-color:#ffffff; --secondary-color:#e53d2f;;color:#324251;border-color:#324251;\" data-bt-override-class=\"{}\"><h3 style=\"font-family:'Roboto'; font-size:55px\" class=\"bt_bb_headline_tag\"><span class=\"bt_bb_headline_content\"><span>OUR SERVICES ARE TAILORED<\/span><\/span><\/h3><\/header><header class=\"bt_bb_headline bt_bb_font_weight_semi-bold bt_bb_color_scheme_6 bt_bb_dash_top bt_bb_size_extralarge bt_bb_align_inherit\" style=\";font-family:&#039;Roboto&#039;; --primary-color:#ffffff; --secondary-color:#e53d2f;;color:#e53d2f;border-color:#e53d2f;\" data-bt-override-class=\"{}\"><h4 style=\"font-family:'Roboto'; font-size:50px\" class=\"bt_bb_headline_tag\"><span class=\"bt_bb_headline_content\"><span>TO YOUR NEEDS.<\/span><\/span><\/h4><\/header><div class=\"bt_bb_separator bt_bb_border_style_none bt_bb_bottom_spacing_25\" data-bt-override-class=\"null\"><\/div><\/div><\/div><\/div><\/div><\/div><\/div><!-- cell_inner --><\/div><!-- cell --><\/div><!-- port --><\/section><section id=\"bt_bb_section69ef952f2705a\" class=\"bt_bb_section bt_bb_layout_boxed_1200\"  data-bt-override-class=\"null\"><div class=\"bt_bb_port\"><div class=\"bt_bb_cell\"><div class=\"bt_bb_cell_inner\"><div class=\"bt_bb_row_wrapper\"><div  class=\"bt_bb_row\"  data-bt-override-class=\"{}\"><div  class=\"bt_bb_column col-xl-12 bt_bb_align_left bt_bb_padding_normal\"  data-width=\"12\" data-bt-override-class=\"{}\"><div class=\"bt_bb_column_content bt_bb_vertical_align_top bt_bb_color_scheme_\"><div class=\"bt_bb_column_content_inner\"><div class=\"bt_bb_separator bt_bb_border_style_none bt_bb_top_spacing_40\" data-bt-override-class=\"null\"><\/div><div class=\"bt_bb_accordion newsAccordion bt_bb_color_scheme_14 bt_bb_style_filled\" style=\"; --accordion-primary-color:#425363; --accordion-secondary-color:#e53d2f;\"><div class=\"bt_bb_accordion_item\"><div class=\"bt_bb_accordion_item_title\">TMT - Technology, Media &amp; Telecommunications<\/div><div class=\"bt_bb_accordion_item_content\"><div id=\"privacy\" class=\"bt_bb_text\" >\n<h4><span style=\"color: #425363;\">PRIVACY AND CYBERSECURITY<\/span><\/h4>\n<p style=\"text-align: justify;\">The area of \u200b\u200bTMT\/Privacy and Cybersecurity has been an area of \u200b\u200bgreat growth at Antas da Cunha Ecija &amp; Associados and is nowadays an essential pillar of almost every business.<\/p>\n<p style=\"text-align: justify;\">We provide advice to a variety of public and private entities in Portugal, in particular in the definition of appropriate compliance strategies for each organisation and adaptation to the General Data Protection Regulation (GDPR).<\/p>\n<p style=\"text-align: justify;\">The TMT\/Privacy and Cybersecurity team is prepared to provide support in a number of operations, such as implementation of compliance programmes tailored to each individual case, definition of rules and procedures for the processing of personal data in human resource management, definition of policies regarding the period of data storage, preparation of privacy policies and protection of personal data (including internal rules and regulations and compliance programmes for both public and private entities), management of the relationship with the Control Authority in Portugal (CNPD), preparation and review of contractual conditions applicable to the processing of personal data, and preparation and adaptation to the General Data Protection Regulation (GDPR).<\/p>\n<\/div>\n<div class=\"bt_bb_separator bt_bb_border_style_none bt_bb_top_spacing_40\" data-bt-override-class=\"null\"><\/div>\n<div id=\"ip\" class=\"bt_bb_text\" >\n<h4><span style=\"color: #425363;\">INTELLECTUAL PROPERTY<\/span><\/h4>\n<p style=\"text-align: justify;\">Antas da Cunha ECIJA has a widely experienced team in advising national and international companies operating in different areas of activity.<\/p>\n<p style=\"text-align: justify;\">Our team provides several services in the area of intellectual property, in particular in all matters regarding copyright, image rights, trademarks, and data protection.<\/p>\n<p style=\"text-align: justify;\">Our team of intellectual property is prepared to handle several operations in this area, such as registration and maintenance of national and international trademarks (including EU), registration and maintenance of domain names, drafting of licensing agreements, litigation regarding trademarks, drafting contracts for copyright and related rights, litigation on copyright and related rights.<\/p>\n<\/div>\n<div class=\"bt_bb_separator bt_bb_border_style_none bt_bb_top_spacing_40\" data-bt-override-class=\"null\"><\/div>\n<div id=\"digital-economy\" class=\"bt_bb_text\" >\n<h4><span style=\"color: #425363;\">DIGITAL ECONOMY<\/span><\/h4>\n<p style=\"text-align: justify;\">The Legal Intelligence Department is responsible for guiding and advising on a multidisciplinary basis. The fourth industrial revolution urges us to be hybrid professionals \u2013 the path we believe in to accompany our customers\u2019 journey.<\/p>\n<p style=\"text-align: justify;\">In the construction of our Big Picture, we like to contribute to the debate of the themes that are presented to us, we study the feasibility of projects, we advise on the technology to be used, the legislation to respect \u2013 or to propose \u2013 and we are present in the launch of technological solutions in the market.<\/p>\n<p style=\"text-align: justify;\">Our teams have extensive experience in providing legal advice to all types of companies, start-ups and scale-ups, and we count with entrepreneurs from the New Economy Institute.<\/p>\n<p style=\"text-align: justify;\">We are active players on Web3, we are committed to offering Blockchain solutions, we have participated in various processes of tokenization of assets and rights, we accompany ICOs, STOs, IDOs, IEOs, FTOs and INOs, we deal with NFTs and all matters related to the Metaverse.<\/p>\n<p style=\"text-align: justify;\">We were the pioneers in Portugal in the programming of Smart Contracts and, therefore, we are able to carry out audits and design Smart Contracts Workflows.<\/p>\n<p style=\"text-align: justify;\">We have experience in preparing White Papers for national and international start-ups and in registering companies that deal with virtual assets at Bank of Portugal. In the case of investment tokens, we prepare case-by-case opinions, in order to adapt the offers to the requirements of the CMVM, complying with all investor protection rules.<\/p>\n<p style=\"text-align: justify;\">We want to be constantly up to date with legislation and regulation \u2013 and we are often promoters of legal solutions. We prepare legal and technical opinions on various topics, with special attention to national and European regulation. We present innovative and visually interesting solutions, using Legal Design Thinking techniques.<\/p>\n<p style=\"text-align: justify;\">We practice Advocacy 4.0. based on Smart Law, reorganizing the legal services provided by our office, adapting them to concepts such as Artificial Intelligence, Deep Learning, Machine Learning, Virtual and Augmented Reality, Internet of Things and Smart Cities.<\/p>\n<p style=\"text-align: justify;\">The Legal Intelligence department has established partnerships for academic research with universities such as Nova SBE, through the coordination of the Blockchain &amp; Smart Contracts course, with the Portuguese Catholic University and with Student Associations of the University of Minho.<\/p>\n<\/div>\n<div class=\"bt_bb_separator bt_bb_border_style_none bt_bb_top_spacing_40\" data-bt-override-class=\"null\"><\/div>\n<div id=\"technology-transactions\" class=\"bt_bb_text\" >\n<h4><span style=\"color: #425363;\">TECHNOLOGY TRANSACTIONS<\/span><\/h4>\n<p><strong><span style=\"color: #e53d2f;\">\ud83e\udc1a<\/span> <span data-olk-copy-source=\"MessageBody\">Maximizing Value in IT Contracts<\/span><\/strong><\/p>\n<p class=\"x_MsoNormal\"><span lang=\"EN-US\" data-olk-copy-source=\"MessageBody\">The Technology Transactions team at Antas da Cunha ECIJA supports companies in optimizing their relationships with Information Technology (IT) vendors, at a time when digital transformation is key to global competitiveness. With over 20 years of experience in IT sector projects and contracting, our team combines technical and legal expertise with strategic insight to foster innovation, efficiency, and value creation in business.<\/span><\/p>\n<p class=\"x_MsoNormal\"><span lang=\"EN-US\">We follow a structured methodology to maximize value for money in both OPEX and CAPEX related to IT, ensuring that each contract reflects the best market practices.<\/span><\/p>\n<p style=\"text-align: justify;\"><strong>Optimization Methodology<\/strong><\/p>\n<p class=\"x_MsoNormal\"><span lang=\"EN-US\" data-olk-copy-source=\"MessageBody\">Using a proprietary framework that organizes dozens of indicators across 15 optimization dimensions, we go beyond traditional legal support by integrating economic and strategic perspectives into IT contract negotiation.<\/span><\/p>\n<p class=\"x_MsoNormal\"><span lang=\"EN-US\">Our optimization model is based on five key pillars:<\/span><\/p>\n<p style=\"text-align: justify;\">\u2022 <span data-olk-copy-source=\"MessageBody\">Solution: Support in defining the service to be contracted, using solution benchmarking, alignment of expectations among all stakeholders, and establishing priorities and implementation timelines.<\/span><\/p>\n<p style=\"text-align: justify;\">\u2022 <span data-olk-copy-source=\"MessageBody\">Capacity: Accurate estimation of required capacity, ensuring resource allocation efficiency and effective management of future expansions (add-ons).<\/span><\/p>\n<p style=\"text-align: justify;\">\u2022 <span data-olk-copy-source=\"MessageBody\">Price: After determining the solution and capacity, we assist in defining the overall project value by applying competitive unit costs. These are based on supplier pricing structures and team composition, balancing seniority and cost-effectiveness. We also identify optimization opportunities such as bundled service packages or extended warranties.<\/span><\/p>\n<p style=\"text-align: justify;\">\u2022 <span data-olk-copy-source=\"MessageBody\">Efficiency: Our approach focuses on effective execution through productivity tools, flexible resource use, and task optimization.<\/span><\/p>\n<p style=\"text-align: justify;\">\u2022 <span data-olk-copy-source=\"MessageBody\">Output: Optimizing the above factors must result in high-quality deliverables aligned with strategic goals and expectations. We assess the final solution in terms of reliability, functionality, business impact, innovation, and risk mitigation\u2014particularly regarding cybersecurity.<\/span><\/p>\n<p><strong><span data-olk-copy-source=\"MessageBody\">Strategic and Operational Management of IT Contracts<\/span><\/strong><\/p>\n<p class=\"x_MsoNormal\"><span lang=\"EN-US\" data-olk-copy-source=\"MessageBody\">Our legal support covers all phases of the contract lifecycle-from requirements definition to execution\u2014ensuring each contract is efficiently structured and aligned with the business\u2019s needs.<\/span><\/p>\n<p class=\"x_MsoNormal\">Our services include:<\/p>\n<p style=\"text-align: justify;\">\u2022 <span data-olk-copy-source=\"MessageBody\">Stakeholder Coordination: Strategic alignment to optimize costs and performance.<\/span><\/p>\n<p style=\"text-align: justify;\">\u2022 <span data-olk-copy-source=\"MessageBody\">RFPs: Drafting detailed Requests for Proposal to ensure a competitive and transparent selection process that maximizes strategic options for the client.<\/span><\/p>\n<p style=\"text-align: justify;\">\u2022 <span data-olk-copy-source=\"MessageBody\">KPIs: Support in defining clear, measurable performance indicators.<\/span><\/p>\n<p style=\"text-align: justify;\">\u2022 <span data-olk-copy-source=\"MessageBody\">Benchmarks: Use of market references to ensure competitive conditions, while maintaining confidentiality and regulatory compliance.<\/span><\/p>\n<p style=\"text-align: justify;\">\u2022 <span data-olk-copy-source=\"MessageBody\">Follow-Up: Ongoing contract execution monitoring using advanced technological tools to track timelines, service levels, deliverables, and contractual compliance.<\/span><\/p>\n<\/div>\n<div data-bb-version=\"4.8.4\" class=\"bt_bb_separator bt_bb_border_style_none bt_bb_top_spacing_30 bt_bb_bottom_spacing_none\" data-bt-override-class=\"{&quot;bt_bb_top_spacing_&quot;:{&quot;current_class&quot;:&quot;bt_bb_top_spacing_30&quot;,&quot;xxl&quot;:&quot;30&quot;},&quot;bt_bb_bottom_spacing_&quot;:{&quot;current_class&quot;:&quot;bt_bb_bottom_spacing_none&quot;,&quot;xxl&quot;:&quot;none&quot;}}\"><\/div>\n<div id=\"technology-transactions\" class=\"bt_bb_text\" >\n<p><strong><span style=\"color: #e53d2f;\">\ud83e\udc1a<\/span> <span data-olk-copy-source=\"MessageBody\">Legal Advisory for Technology Contracts<\/span><\/strong><\/p>\n<p class=\"x_MsoNormal\"><span lang=\"EN-US\" data-olk-copy-source=\"MessageBody\">Antas da Cunha ECIJA provides specialized legal advice in the analysis, negotiation, and management of technology contracts and digital transactions, helping clients define efficient and secure contractual structures aligned with industry best practices.<\/span><\/p>\n<p class=\"x_MsoNormal\"><span lang=\"EN-US\">We support companies of all sizes\u2014including local organizations and multinationals\u2014through all stages of tech deal contracting and digital transformation projects.<\/span><\/p>\n<p style=\"text-align: justify;\"><strong>Key Areas of Contractual Expertise:<\/strong><\/p>\n<p style=\"text-align: justify;\">\u2022 <span data-olk-copy-source=\"MessageBody\">Software licensing, development, and implementation of tech solutions<\/span><\/p>\n<p style=\"text-align: justify;\">\u2022 <span data-olk-copy-source=\"MessageBody\">IT and Business Process Outsourcing (BPO)<\/span><\/p>\n<p style=\"text-align: justify;\">\u2022 <span data-olk-copy-source=\"MessageBody\">Cloud computing (SaaS, IaaS, PaaS)<\/span><\/p>\n<p style=\"text-align: justify;\">\u2022 <span data-olk-copy-source=\"MessageBody\">Digital infrastructure consulting and implementation<\/span><\/p>\n<p style=\"text-align: justify;\">\u2022 <span data-olk-copy-source=\"MessageBody\">Negotiation of Service Level Agreements (SLAs) with clear, measurable performance levels<\/span><\/p>\n<p style=\"text-align: justify;\">\u2022 <span data-olk-copy-source=\"MessageBody\">Support, maintenance, and technical assistance contracts<\/span><\/p>\n<p style=\"text-align: justify;\">\u2022 <span data-olk-copy-source=\"MessageBody\">Contract structuring for Artificial Intelligence (AI) projects and AI governance<\/span><\/p>\n<p style=\"text-align: justify;\">\u2022 <span data-olk-copy-source=\"MessageBody\">Drafting and responding to RFPs, including legal requirement definition and risk mitigation<\/span><\/p>\n<\/div>\n<div data-bb-version=\"4.8.4\" class=\"bt_bb_separator bt_bb_border_style_none bt_bb_top_spacing_30 bt_bb_bottom_spacing_none\" data-bt-override-class=\"{&quot;bt_bb_top_spacing_&quot;:{&quot;current_class&quot;:&quot;bt_bb_top_spacing_30&quot;,&quot;xxl&quot;:&quot;30&quot;},&quot;bt_bb_bottom_spacing_&quot;:{&quot;current_class&quot;:&quot;bt_bb_bottom_spacing_none&quot;,&quot;xxl&quot;:&quot;none&quot;}}\"><\/div>\n<div id=\"technology-transactions\" class=\"bt_bb_text\" >\n<p><strong><span style=\"color: #e53d2f;\">\ud83e\udc1a<\/span> <span data-olk-copy-source=\"MessageBody\">Contract Monitoring and Management<\/span><\/strong><\/p>\n<p class=\"x_MsoNormal\"><span data-olk-copy-source=\"MessageBody\">We provide continuous legal support throughout contract execution, ensuring that agreements are updated and adapted to meet the client\u2019s evolving needs and the ever-changing technological landscape.<\/span><\/p>\n<\/div>\n<div data-bb-version=\"4.8.4\" class=\"bt_bb_separator bt_bb_border_style_none bt_bb_top_spacing_30 bt_bb_bottom_spacing_none\" data-bt-override-class=\"{&quot;bt_bb_top_spacing_&quot;:{&quot;current_class&quot;:&quot;bt_bb_top_spacing_30&quot;,&quot;xxl&quot;:&quot;30&quot;},&quot;bt_bb_bottom_spacing_&quot;:{&quot;current_class&quot;:&quot;bt_bb_bottom_spacing_none&quot;,&quot;xxl&quot;:&quot;none&quot;}}\"><\/div>\n<div id=\"technology-transactions\" class=\"bt_bb_text\" >\n<p><strong><span style=\"color: #e53d2f;\">\ud83e\udc1a<\/span> <span data-olk-copy-source=\"MessageBody\">Responsible AI as a Service<\/span><\/strong><\/p>\n<p class=\"x_MsoNormal\"><span data-olk-copy-source=\"MessageBody\">We offer specialized legal support for Legal &amp; Compliance and IT teams, overseeing compliance programs and responsible AI governance:<\/span><\/p>\n<p style=\"text-align: justify;\">\u2022 <span data-olk-copy-source=\"MessageBody\">AI Compliance Audits \u2013 Ongoing legal evaluation to ensure AI systems comply with regulatory requirements throughout the lifecycle (Plan, Design, Develop, Deploy).<\/span><\/p>\n<p style=\"text-align: justify;\">\u2022 <span data-olk-copy-source=\"MessageBody\">Contracting and Corporate Governance \u2013 Defining contractual strategies, conducting due diligence, and advising on internal policies to ensure strong compliance and AI governance practices.<\/span><\/p>\n<\/div>\n<div data-bb-version=\"4.8.4\" class=\"bt_bb_separator bt_bb_border_style_none bt_bb_top_spacing_30 bt_bb_bottom_spacing_none\" data-bt-override-class=\"{&quot;bt_bb_top_spacing_&quot;:{&quot;current_class&quot;:&quot;bt_bb_top_spacing_30&quot;,&quot;xxl&quot;:&quot;30&quot;},&quot;bt_bb_bottom_spacing_&quot;:{&quot;current_class&quot;:&quot;bt_bb_bottom_spacing_none&quot;,&quot;xxl&quot;:&quot;none&quot;}}\"><\/div>\n<div id=\"technology-transactions\" class=\"bt_bb_text\" >\n<p><strong><span style=\"color: #e53d2f;\">\ud83e\udc1a<\/span> <span data-olk-copy-source=\"MessageBody\">Responsible AI by Design in Supplier Management<\/span><\/strong><\/p>\n<p class=\"x_MsoNormal\"><span data-olk-copy-source=\"MessageBody\">We support the selection, contracting, and monitoring of AI suppliers, ensuring strong alignment with Responsible AI by Design principles:<\/span><\/p>\n<p style=\"text-align: justify;\">\u2022 <span data-olk-copy-source=\"MessageBody\">RFPs and RFIs \u2013 Defining contractual and regulatory requirements for selecting AI vendors, ensuring transparency, traceability, and risk mitigation from the start.<\/span><\/p>\n<p style=\"text-align: justify;\">\u2022 <span data-olk-copy-source=\"MessageBody\">Contract Management and Ongoing Monitoring \u2013 Structuring and negotiating contracts with specific clauses on compliance, accountability, and data protection, including mechanisms for ongoing oversight and supplier audits.<\/span><\/p>\n<\/div>\n<div class=\"bt_bb_separator bt_bb_border_style_none bt_bb_top_spacing_40\" data-bt-override-class=\"null\"><\/div>\n<div id=\"technology-transactions\" class=\"bt_bb_text\" >\n<p><strong><span data-olk-copy-source=\"MessageBody\">Compliance and Governance Programs for Digital Regulation: AI Act, DORA, and NIS2<\/span><\/strong><\/p>\n<p class=\"x_MsoNormal\"><span data-olk-copy-source=\"MessageBody\">Antas da Cunha Ecija has developed a comprehensive Compliance and Governance approach for Digital Regulation, designed to support organizations in implementing legal obligations and mitigating risks related to the Artificial Intelligence Act (AI Act), the Digital Operational Resilience Act (DORA), and the Directive on Security of Network and Information Systems (NIS2). Our goal is to help companies adopt effective compliance models that are aligned with regulatory requirements and best practices in digital governance.<\/span><\/p>\n<\/div>\n<div class=\"bt_bb_separator bt_bb_border_style_none bt_bb_top_spacing_40\" data-bt-override-class=\"null\"><\/div>\n<div id=\"technology-transactions\" class=\"bt_bb_text\" >\n<p style=\"text-align: justify;\">\n<div class=\"gridShortcode\" data-margin=\"5\">\n<div class=\"sliderSlick owl-theme slide1 bt_bb_row_inner\" >\n<div class=\"bt_bb_column_inner col-md-3 col-sm-6 col-ms-12 bt_bb_align_left bt_bb_vertical_align_top bt_bb_padding_normal\" data-width=\"3\">\n<div class=\"bt_bb_column_inner_content\">\n<div class=\"bt_bb_image bt_bb_shape_square bt_bb_align_inherit bt_bb_hover_style_zoom-in-to-grayscale bt_bb_content_display_always bt_bb_content_align_middle\">\n<p>                        <a href=\"https:\/\/adcecija.pt\/en\/equipa\/nuno-da-silva-vieira\/\" target=\"_self\" title=\"Nuno da Silva Vieira\"><\/p>\n<p>                            <img loading=\"lazy\" decoding=\"async\" width=\"600\" height=\"600\" src=\"https:\/\/adcecija.pt\/wp-content\/uploads\/2022\/10\/NunodaSilvaVieira2-1.jpg\" class=\"attachment-medium size-medium wp-post-image\" alt=\"\" srcset=\"https:\/\/adcecija.pt\/wp-content\/uploads\/2022\/10\/NunodaSilvaVieira2-1.jpg 600w, https:\/\/adcecija.pt\/wp-content\/uploads\/2022\/10\/NunodaSilvaVieira2-1-160x160.jpg 160w, https:\/\/adcecija.pt\/wp-content\/uploads\/2022\/10\/NunodaSilvaVieira2-1-150x150.jpg 150w, https:\/\/adcecija.pt\/wp-content\/uploads\/2022\/10\/NunodaSilvaVieira2-1-320x320.jpg 320w\" sizes=\"auto, (max-width: 600px) 100vw, 600px\" \/>                            <\/a>\n                            <\/div>\n<div class=\"bt_bb_separator\"><\/div>\n<header class=\"bt_bb_headline text-socio bt_bb_color_scheme_2 bt_bb_dash_none bt_bb_size_small bt_bb_subheadline bt_bb_align_left bt_bb_subtitle_font_weight_light\" style=\";font-family:'Roboto';color:#425363;border-color:#425363;\">\n<h6 style=\"font-family:'Roboto'; font-size:14.9\">\n                                <span class=\"bt_bb_headline_content\"><span> Nuno da Silva Vieira<\/span><\/span><br \/>\n                                <\/h6>\n<div class=\"bt_bb_headline_subheadline\">\n<p>                               NVIEIRA@ADCECIJA.PT<\/p>\n<\/div>\n<\/header>\n<div class=\"bt_bb_icon bt_bb_color_scheme_12 bt_bb_style_borderless bt_bb_size_xsmall bt_bb_shape_square bt_bb_align_inherit\">\n                                        <a href=\"https:\/\/www.linkedin.com\/in\/nsvieira\/\" target=\"_blank\" data-ico-fontawesome=\"\uf0e1\" class=\"bt_bb_icon_holder\"><\/a>\n                                        <\/div>\n<div class=\"bt_bb_icon bt_bb_color_scheme_12 bt_bb_style_borderless bt_bb_size_small bt_bb_shape_circle bt_bb_align_inherit\"><a href=\"mailto:NVIEIRA@ADCECIJA.PT\" target=\"_self\" data-ico-fontawesome=\"\uf0e0\" class=\"bt_bb_icon_holder\"><br \/>\n                                        <\/a><\/p>\n<\/div>\n<\/div>\n<\/div>\n<div class=\"bt_bb_column_inner col-md-3 col-sm-6 col-ms-12 bt_bb_align_left bt_bb_vertical_align_top bt_bb_padding_normal\" data-width=\"3\">\n<div class=\"bt_bb_column_inner_content\">\n<div class=\"bt_bb_image bt_bb_shape_square bt_bb_align_inherit bt_bb_hover_style_zoom-in-to-grayscale bt_bb_content_display_always bt_bb_content_align_middle\">\n<p>                        <a href=\"https:\/\/adcecija.pt\/en\/equipa\/ana-bastos\/\" target=\"_self\" title=\"Ana Bastos\"><\/p>\n<p>                            <img loading=\"lazy\" decoding=\"async\" width=\"600\" height=\"600\" src=\"https:\/\/adcecija.pt\/wp-content\/uploads\/2020\/10\/AnaBastos-1.jpg\" class=\"attachment-medium size-medium wp-post-image\" alt=\"\" srcset=\"https:\/\/adcecija.pt\/wp-content\/uploads\/2020\/10\/AnaBastos-1.jpg 600w, https:\/\/adcecija.pt\/wp-content\/uploads\/2020\/10\/AnaBastos-1-160x160.jpg 160w, https:\/\/adcecija.pt\/wp-content\/uploads\/2020\/10\/AnaBastos-1-150x150.jpg 150w, https:\/\/adcecija.pt\/wp-content\/uploads\/2020\/10\/AnaBastos-1-320x320.jpg 320w\" sizes=\"auto, (max-width: 600px) 100vw, 600px\" \/>                            <\/a>\n                            <\/div>\n<div class=\"bt_bb_separator\"><\/div>\n<header class=\"bt_bb_headline text-socio bt_bb_color_scheme_2 bt_bb_dash_none bt_bb_size_small bt_bb_subheadline bt_bb_align_left bt_bb_subtitle_font_weight_light\" style=\";font-family:'Roboto';color:#425363;border-color:#425363;\">\n<h6 style=\"font-family:'Roboto'; font-size:14.9\">\n                                <span class=\"bt_bb_headline_content\"><span> Ana Bastos<\/span><\/span><br \/>\n                                <\/h6>\n<div class=\"bt_bb_headline_subheadline\">\n<p>                               ABASTOS@ADCECIJA.PT<\/p>\n<\/div>\n<\/header>\n<div class=\"bt_bb_icon bt_bb_color_scheme_12 bt_bb_style_borderless bt_bb_size_xsmall bt_bb_shape_square bt_bb_align_inherit\">\n                                        <a href=\"https:\/\/pt.linkedin.com\/in\/anaibastos\" target=\"_blank\" data-ico-fontawesome=\"\uf0e1\" class=\"bt_bb_icon_holder\"><\/a>\n                                        <\/div>\n<div class=\"bt_bb_icon bt_bb_color_scheme_12 bt_bb_style_borderless bt_bb_size_small bt_bb_shape_circle bt_bb_align_inherit\"><a href=\"mailto:ABASTOS@ADCECIJA.PT\" target=\"_self\" data-ico-fontawesome=\"\uf0e0\" class=\"bt_bb_icon_holder\"><br \/>\n                                        <\/a><\/p>\n<\/div>\n<\/div>\n<\/div>\n<div class=\"bt_bb_column_inner col-md-3 col-sm-6 col-ms-12 bt_bb_align_left bt_bb_vertical_align_top bt_bb_padding_normal\" data-width=\"3\">\n<div class=\"bt_bb_column_inner_content\">\n<div class=\"bt_bb_image bt_bb_shape_square bt_bb_align_inherit bt_bb_hover_style_zoom-in-to-grayscale bt_bb_content_display_always bt_bb_content_align_middle\">\n<p>                        <a href=\"https:\/\/adcecija.pt\/en\/equipa\/paulo-morgado\/\" target=\"_self\" title=\"Paulo Morgado\"><\/p>\n<p>                            <img loading=\"lazy\" decoding=\"async\" width=\"600\" height=\"600\" src=\"https:\/\/adcecija.pt\/wp-content\/uploads\/2022\/09\/PauloMorgado2-1.jpg\" class=\"attachment-medium size-medium wp-post-image\" alt=\"\" srcset=\"https:\/\/adcecija.pt\/wp-content\/uploads\/2022\/09\/PauloMorgado2-1.jpg 600w, https:\/\/adcecija.pt\/wp-content\/uploads\/2022\/09\/PauloMorgado2-1-160x160.jpg 160w, https:\/\/adcecija.pt\/wp-content\/uploads\/2022\/09\/PauloMorgado2-1-150x150.jpg 150w, https:\/\/adcecija.pt\/wp-content\/uploads\/2022\/09\/PauloMorgado2-1-320x320.jpg 320w\" sizes=\"auto, (max-width: 600px) 100vw, 600px\" \/>                            <\/a>\n                            <\/div>\n<div class=\"bt_bb_separator\"><\/div>\n<header class=\"bt_bb_headline text-socio bt_bb_color_scheme_2 bt_bb_dash_none bt_bb_size_small bt_bb_subheadline bt_bb_align_left bt_bb_subtitle_font_weight_light\" style=\";font-family:'Roboto';color:#425363;border-color:#425363;\">\n<h6 style=\"font-family:'Roboto'; font-size:14.9\">\n                                <span class=\"bt_bb_headline_content\"><span> Paulo Morgado<\/span><\/span><br \/>\n                                <\/h6>\n<div class=\"bt_bb_headline_subheadline\">\n<p>                               PMORGADO@ADCECIJA.PT<\/p>\n<\/div>\n<\/header>\n<div class=\"bt_bb_icon bt_bb_color_scheme_12 bt_bb_style_borderless bt_bb_size_xsmall bt_bb_shape_square bt_bb_align_inherit\">\n                                        <a href=\"https:\/\/www.linkedin.com\/in\/paulo-morgado\/\" target=\"_blank\" data-ico-fontawesome=\"\uf0e1\" class=\"bt_bb_icon_holder\"><\/a>\n                                        <\/div>\n<div class=\"bt_bb_icon bt_bb_color_scheme_12 bt_bb_style_borderless bt_bb_size_small bt_bb_shape_circle bt_bb_align_inherit\"><a href=\"mailto:PMORGADO@ADCECIJA.PT\" target=\"_self\" data-ico-fontawesome=\"\uf0e0\" class=\"bt_bb_icon_holder\"><br \/>\n                                        <\/a><\/p>\n<\/div>\n<\/div>\n<\/div>\n<div class=\"bt_bb_column_inner col-md-3 col-sm-6 col-ms-12 bt_bb_align_left bt_bb_vertical_align_top bt_bb_padding_normal\" data-width=\"3\">\n<div class=\"bt_bb_column_inner_content\">\n<div class=\"bt_bb_image bt_bb_shape_square bt_bb_align_inherit bt_bb_hover_style_zoom-in-to-grayscale bt_bb_content_display_always bt_bb_content_align_middle\">\n<p>                        <a href=\"https:\/\/adcecija.pt\/en\/equipa\/joana-pinto\/\" target=\"_self\" title=\"Joana Pinto\"><\/p>\n<p>                            <img loading=\"lazy\" decoding=\"async\" width=\"600\" height=\"600\" src=\"https:\/\/adcecija.pt\/wp-content\/uploads\/2025\/02\/JoanaPinto-thumbnails.jpg\" class=\"attachment-medium size-medium wp-post-image\" alt=\"\" srcset=\"https:\/\/adcecija.pt\/wp-content\/uploads\/2025\/02\/JoanaPinto-thumbnails.jpg 600w, https:\/\/adcecija.pt\/wp-content\/uploads\/2025\/02\/JoanaPinto-thumbnails-160x160.jpg 160w, https:\/\/adcecija.pt\/wp-content\/uploads\/2025\/02\/JoanaPinto-thumbnails-150x150.jpg 150w, https:\/\/adcecija.pt\/wp-content\/uploads\/2025\/02\/JoanaPinto-thumbnails-320x320.jpg 320w\" sizes=\"auto, (max-width: 600px) 100vw, 600px\" \/>                            <\/a>\n                            <\/div>\n<div class=\"bt_bb_separator\"><\/div>\n<header class=\"bt_bb_headline text-socio bt_bb_color_scheme_2 bt_bb_dash_none bt_bb_size_small bt_bb_subheadline bt_bb_align_left bt_bb_subtitle_font_weight_light\" style=\";font-family:'Roboto';color:#425363;border-color:#425363;\">\n<h6 style=\"font-family:'Roboto'; font-size:14.9\">\n                                <span class=\"bt_bb_headline_content\"><span> Joana Pinto<\/span><\/span><br \/>\n                                <\/h6>\n<div class=\"bt_bb_headline_subheadline\">\n<p>                               JPINTO@ADCECIJA.PT<\/p>\n<\/div>\n<\/header>\n<div class=\"bt_bb_icon bt_bb_color_scheme_12 bt_bb_style_borderless bt_bb_size_xsmall bt_bb_shape_square bt_bb_align_inherit\">\n                                        <a href=\"https:\/\/www.linkedin.com\/in\/joana-pinto-642297a\/\" target=\"_blank\" data-ico-fontawesome=\"\uf0e1\" class=\"bt_bb_icon_holder\"><\/a>\n                                        <\/div>\n<div class=\"bt_bb_icon bt_bb_color_scheme_12 bt_bb_style_borderless bt_bb_size_small bt_bb_shape_circle bt_bb_align_inherit\"><a href=\"mailto:JPINTO@ADCECIJA.PT\" target=\"_self\" data-ico-fontawesome=\"\uf0e0\" class=\"bt_bb_icon_holder\"><br \/>\n                                        <\/a><\/p>\n<\/div>\n<\/div>\n<\/div>\n<div class=\"bt_bb_column_inner col-md-3 col-sm-6 col-ms-12 bt_bb_align_left bt_bb_vertical_align_top bt_bb_padding_normal\" data-width=\"3\">\n<div class=\"bt_bb_column_inner_content\">\n<div class=\"bt_bb_image bt_bb_shape_square bt_bb_align_inherit bt_bb_hover_style_zoom-in-to-grayscale bt_bb_content_display_always bt_bb_content_align_middle\">\n<p>                        <a href=\"https:\/\/adcecija.pt\/en\/equipa\/ana-catarina-silva\/\" target=\"_self\" title=\"Ana Catarina Silva\"><\/p>\n<p>                            <img loading=\"lazy\" decoding=\"async\" width=\"600\" height=\"600\" src=\"https:\/\/adcecija.pt\/wp-content\/uploads\/2020\/10\/AnaCatarinaSilva-1.jpg\" class=\"attachment-medium size-medium wp-post-image\" alt=\"\" srcset=\"https:\/\/adcecija.pt\/wp-content\/uploads\/2020\/10\/AnaCatarinaSilva-1.jpg 600w, https:\/\/adcecija.pt\/wp-content\/uploads\/2020\/10\/AnaCatarinaSilva-1-160x160.jpg 160w, https:\/\/adcecija.pt\/wp-content\/uploads\/2020\/10\/AnaCatarinaSilva-1-150x150.jpg 150w, https:\/\/adcecija.pt\/wp-content\/uploads\/2020\/10\/AnaCatarinaSilva-1-320x320.jpg 320w\" sizes=\"auto, (max-width: 600px) 100vw, 600px\" \/>                            <\/a>\n                            <\/div>\n<div class=\"bt_bb_separator\"><\/div>\n<header class=\"bt_bb_headline text-socio bt_bb_color_scheme_2 bt_bb_dash_none bt_bb_size_small bt_bb_subheadline bt_bb_align_left bt_bb_subtitle_font_weight_light\" style=\";font-family:'Roboto';color:#425363;border-color:#425363;\">\n<h6 style=\"font-family:'Roboto'; font-size:14.9\">\n                                <span class=\"bt_bb_headline_content\"><span> Ana Catarina Silva<\/span><\/span><br \/>\n                                <\/h6>\n<div class=\"bt_bb_headline_subheadline\">\n<p>                               ASILVA@ADCECIJA.PT<\/p>\n<\/div>\n<\/header>\n<div class=\"bt_bb_icon bt_bb_color_scheme_12 bt_bb_style_borderless bt_bb_size_xsmall bt_bb_shape_square bt_bb_align_inherit\">\n                                        <a href=\"https:\/\/pt.linkedin.com\/in\/ana-catarina-silva-44366948\" target=\"_blank\" data-ico-fontawesome=\"\uf0e1\" class=\"bt_bb_icon_holder\"><\/a>\n                                        <\/div>\n<div class=\"bt_bb_icon bt_bb_color_scheme_12 bt_bb_style_borderless bt_bb_size_small bt_bb_shape_circle bt_bb_align_inherit\"><a href=\"mailto:ASILVA@ADCECIJA.PT\" target=\"_self\" data-ico-fontawesome=\"\uf0e0\" class=\"bt_bb_icon_holder\"><br \/>\n                                        <\/a><\/p>\n<\/div>\n<\/div>\n<\/div>\n<div class=\"bt_bb_column_inner col-md-3 col-sm-6 col-ms-12 bt_bb_align_left bt_bb_vertical_align_top bt_bb_padding_normal\" data-width=\"3\">\n<div class=\"bt_bb_column_inner_content\">\n<div class=\"bt_bb_image bt_bb_shape_square bt_bb_align_inherit bt_bb_hover_style_zoom-in-to-grayscale bt_bb_content_display_always bt_bb_content_align_middle\">\n<p>                        <a href=\"https:\/\/adcecija.pt\/en\/equipa\/lidia-neves\/\" target=\"_self\" title=\"L\u00eddia Neves\"><\/p>\n<p>                            <img loading=\"lazy\" decoding=\"async\" width=\"600\" height=\"600\" src=\"https:\/\/adcecija.pt\/wp-content\/uploads\/2023\/06\/LidiaNeves-1.jpg\" class=\"attachment-medium size-medium wp-post-image\" alt=\"\" srcset=\"https:\/\/adcecija.pt\/wp-content\/uploads\/2023\/06\/LidiaNeves-1.jpg 600w, https:\/\/adcecija.pt\/wp-content\/uploads\/2023\/06\/LidiaNeves-1-160x160.jpg 160w, https:\/\/adcecija.pt\/wp-content\/uploads\/2023\/06\/LidiaNeves-1-150x150.jpg 150w, https:\/\/adcecija.pt\/wp-content\/uploads\/2023\/06\/LidiaNeves-1-320x320.jpg 320w\" sizes=\"auto, (max-width: 600px) 100vw, 600px\" \/>                            <\/a>\n                            <\/div>\n<div class=\"bt_bb_separator\"><\/div>\n<header class=\"bt_bb_headline text-socio bt_bb_color_scheme_2 bt_bb_dash_none bt_bb_size_small bt_bb_subheadline bt_bb_align_left bt_bb_subtitle_font_weight_light\" style=\";font-family:'Roboto';color:#425363;border-color:#425363;\">\n<h6 style=\"font-family:'Roboto'; font-size:14.9\">\n                                <span class=\"bt_bb_headline_content\"><span> L\u00eddia Neves<\/span><\/span><br \/>\n                                <\/h6>\n<div class=\"bt_bb_headline_subheadline\">\n<p>                               LNEVES@ADCECIJA.PT<\/p>\n<\/div>\n<\/header>\n<div class=\"bt_bb_icon bt_bb_color_scheme_12 bt_bb_style_borderless bt_bb_size_xsmall bt_bb_shape_square bt_bb_align_inherit\">\n                                        <a href=\"https:\/\/www.linkedin.com\/in\/lidia-neves-57079019\" target=\"_blank\" data-ico-fontawesome=\"\uf0e1\" class=\"bt_bb_icon_holder\"><\/a>\n                                        <\/div>\n<div class=\"bt_bb_icon bt_bb_color_scheme_12 bt_bb_style_borderless bt_bb_size_small bt_bb_shape_circle bt_bb_align_inherit\"><a href=\"mailto:LNEVES@ADCECIJA.PT\" target=\"_self\" data-ico-fontawesome=\"\uf0e0\" class=\"bt_bb_icon_holder\"><br \/>\n                                        <\/a><\/p>\n<\/div>\n<\/div>\n<\/div>\n<div class=\"bt_bb_column_inner col-md-3 col-sm-6 col-ms-12 bt_bb_align_left bt_bb_vertical_align_top bt_bb_padding_normal\" data-width=\"3\">\n<div class=\"bt_bb_column_inner_content\">\n<div class=\"bt_bb_image bt_bb_shape_square bt_bb_align_inherit bt_bb_hover_style_zoom-in-to-grayscale bt_bb_content_display_always bt_bb_content_align_middle\">\n<p>                        <a href=\"https:\/\/adcecija.pt\/en\/equipa\/marcia-dias-lomba\/\" target=\"_self\" title=\"M\u00e1rcia Dias Lomba\"><\/p>\n<p>                            <img loading=\"lazy\" decoding=\"async\" width=\"600\" height=\"600\" src=\"https:\/\/adcecija.pt\/wp-content\/uploads\/2020\/10\/MarciaDiasLomba-1.jpg\" class=\"attachment-medium size-medium wp-post-image\" alt=\"\" srcset=\"https:\/\/adcecija.pt\/wp-content\/uploads\/2020\/10\/MarciaDiasLomba-1.jpg 600w, https:\/\/adcecija.pt\/wp-content\/uploads\/2020\/10\/MarciaDiasLomba-1-160x160.jpg 160w, https:\/\/adcecija.pt\/wp-content\/uploads\/2020\/10\/MarciaDiasLomba-1-150x150.jpg 150w, https:\/\/adcecija.pt\/wp-content\/uploads\/2020\/10\/MarciaDiasLomba-1-320x320.jpg 320w\" sizes=\"auto, (max-width: 600px) 100vw, 600px\" \/>                            <\/a>\n                            <\/div>\n<div class=\"bt_bb_separator\"><\/div>\n<header class=\"bt_bb_headline text-socio bt_bb_color_scheme_2 bt_bb_dash_none bt_bb_size_small bt_bb_subheadline bt_bb_align_left bt_bb_subtitle_font_weight_light\" style=\";font-family:'Roboto';color:#425363;border-color:#425363;\">\n<h6 style=\"font-family:'Roboto'; font-size:14.9\">\n                                <span class=\"bt_bb_headline_content\"><span> M\u00e1rcia Dias Lomba<\/span><\/span><br \/>\n                                <\/h6>\n<div class=\"bt_bb_headline_subheadline\">\n<p>                               MLOMBA@ADCECIJA.PT<\/p>\n<\/div>\n<\/header>\n<div class=\"bt_bb_icon bt_bb_color_scheme_12 bt_bb_style_borderless bt_bb_size_xsmall bt_bb_shape_square bt_bb_align_inherit\">\n                                        <a href=\"https:\/\/pt.linkedin.com\/in\/mrcia-lomba-218b3484\" target=\"_blank\" data-ico-fontawesome=\"\uf0e1\" class=\"bt_bb_icon_holder\"><\/a>\n                                        <\/div>\n<div class=\"bt_bb_icon bt_bb_color_scheme_12 bt_bb_style_borderless bt_bb_size_small bt_bb_shape_circle bt_bb_align_inherit\"><a href=\"mailto:MLOMBA@ADCECIJA.PT\" target=\"_self\" data-ico-fontawesome=\"\uf0e0\" class=\"bt_bb_icon_holder\"><br \/>\n                                        <\/a><\/p>\n<\/div>\n<\/div>\n<\/div>\n<div class=\"bt_bb_column_inner col-md-3 col-sm-6 col-ms-12 bt_bb_align_left bt_bb_vertical_align_top bt_bb_padding_normal\" data-width=\"3\">\n<div class=\"bt_bb_column_inner_content\">\n<div class=\"bt_bb_image bt_bb_shape_square bt_bb_align_inherit bt_bb_hover_style_zoom-in-to-grayscale bt_bb_content_display_always bt_bb_content_align_middle\">\n<p>                        <a href=\"https:\/\/adcecija.pt\/en\/equipa\/diogo-moreira-ramos\/\" target=\"_self\" title=\"Diogo Moreira Ramos\"><\/p>\n<p>                            <img loading=\"lazy\" decoding=\"async\" width=\"600\" height=\"600\" src=\"https:\/\/adcecija.pt\/wp-content\/uploads\/2025\/05\/DiogoMoreiraRamos-thumbnails.jpg\" class=\"attachment-medium size-medium wp-post-image\" alt=\"\" srcset=\"https:\/\/adcecija.pt\/wp-content\/uploads\/2025\/05\/DiogoMoreiraRamos-thumbnails.jpg 600w, https:\/\/adcecija.pt\/wp-content\/uploads\/2025\/05\/DiogoMoreiraRamos-thumbnails-160x160.jpg 160w, https:\/\/adcecija.pt\/wp-content\/uploads\/2025\/05\/DiogoMoreiraRamos-thumbnails-150x150.jpg 150w, https:\/\/adcecija.pt\/wp-content\/uploads\/2025\/05\/DiogoMoreiraRamos-thumbnails-320x320.jpg 320w\" sizes=\"auto, (max-width: 600px) 100vw, 600px\" \/>                            <\/a>\n                            <\/div>\n<div class=\"bt_bb_separator\"><\/div>\n<header class=\"bt_bb_headline text-socio bt_bb_color_scheme_2 bt_bb_dash_none bt_bb_size_small bt_bb_subheadline bt_bb_align_left bt_bb_subtitle_font_weight_light\" style=\";font-family:'Roboto';color:#425363;border-color:#425363;\">\n<h6 style=\"font-family:'Roboto'; font-size:14.9\">\n                                <span class=\"bt_bb_headline_content\"><span> Diogo Moreira Ramos<\/span><\/span><br \/>\n                                <\/h6>\n<div class=\"bt_bb_headline_subheadline\">\n<p>                               DRAMOS@ADCECIJA.PT<\/p>\n<\/div>\n<\/header>\n<div class=\"bt_bb_icon bt_bb_color_scheme_12 bt_bb_style_borderless bt_bb_size_xsmall bt_bb_shape_square bt_bb_align_inherit\">\n                                        <a href=\"\" target=\"_blank\" data-ico-fontawesome=\"\uf0e1\" class=\"bt_bb_icon_holder\"><\/a>\n                                        <\/div>\n<div class=\"bt_bb_icon bt_bb_color_scheme_12 bt_bb_style_borderless bt_bb_size_small bt_bb_shape_circle bt_bb_align_inherit\"><a href=\"mailto:DRAMOS@ADCECIJA.PT\" target=\"_self\" data-ico-fontawesome=\"\uf0e0\" class=\"bt_bb_icon_holder\"><br \/>\n                                        <\/a><\/p>\n<\/div>\n<\/div>\n<\/div>\n<div class=\"bt_bb_column_inner col-md-3 col-sm-6 col-ms-12 bt_bb_align_left bt_bb_vertical_align_top bt_bb_padding_normal\" data-width=\"3\">\n<div class=\"bt_bb_column_inner_content\">\n<div class=\"bt_bb_image bt_bb_shape_square bt_bb_align_inherit bt_bb_hover_style_zoom-in-to-grayscale bt_bb_content_display_always bt_bb_content_align_middle\">\n<p>                        <a href=\"https:\/\/adcecija.pt\/en\/equipa\/ana-peixoto\/\" target=\"_self\" title=\"Ana Peixoto\"><\/p>\n<p>                            <img loading=\"lazy\" decoding=\"async\" width=\"600\" height=\"600\" src=\"https:\/\/adcecija.pt\/wp-content\/uploads\/2020\/10\/AnaPeixoto-1.jpg\" class=\"attachment-medium size-medium wp-post-image\" alt=\"\" srcset=\"https:\/\/adcecija.pt\/wp-content\/uploads\/2020\/10\/AnaPeixoto-1.jpg 600w, https:\/\/adcecija.pt\/wp-content\/uploads\/2020\/10\/AnaPeixoto-1-160x160.jpg 160w, https:\/\/adcecija.pt\/wp-content\/uploads\/2020\/10\/AnaPeixoto-1-150x150.jpg 150w, https:\/\/adcecija.pt\/wp-content\/uploads\/2020\/10\/AnaPeixoto-1-320x320.jpg 320w\" sizes=\"auto, (max-width: 600px) 100vw, 600px\" \/>                            <\/a>\n                            <\/div>\n<div class=\"bt_bb_separator\"><\/div>\n<header class=\"bt_bb_headline text-socio bt_bb_color_scheme_2 bt_bb_dash_none bt_bb_size_small bt_bb_subheadline bt_bb_align_left bt_bb_subtitle_font_weight_light\" style=\";font-family:'Roboto';color:#425363;border-color:#425363;\">\n<h6 style=\"font-family:'Roboto'; font-size:14.9\">\n                                <span class=\"bt_bb_headline_content\"><span> Ana Peixoto<\/span><\/span><br \/>\n                                <\/h6>\n<div class=\"bt_bb_headline_subheadline\">\n<p>                               APEIXOTO@ADCECIJA.PT<\/p>\n<\/div>\n<\/header>\n<div class=\"bt_bb_icon bt_bb_color_scheme_12 bt_bb_style_borderless bt_bb_size_xsmall bt_bb_shape_square bt_bb_align_inherit\">\n                                        <a href=\"https:\/\/www.linkedin.com\/in\/anaippeixoto\/\" target=\"_blank\" data-ico-fontawesome=\"\uf0e1\" class=\"bt_bb_icon_holder\"><\/a>\n                                        <\/div>\n<div class=\"bt_bb_icon bt_bb_color_scheme_12 bt_bb_style_borderless bt_bb_size_small bt_bb_shape_circle bt_bb_align_inherit\"><a href=\"mailto:APEIXOTO@ADCECIJA.PT\" target=\"_self\" data-ico-fontawesome=\"\uf0e0\" class=\"bt_bb_icon_holder\"><br \/>\n                                        <\/a><\/p>\n<\/div>\n<\/div>\n<\/div>\n<div class=\"bt_bb_column_inner col-md-3 col-sm-6 col-ms-12 bt_bb_align_left bt_bb_vertical_align_top bt_bb_padding_normal\" data-width=\"3\">\n<div class=\"bt_bb_column_inner_content\">\n<div class=\"bt_bb_image bt_bb_shape_square bt_bb_align_inherit bt_bb_hover_style_zoom-in-to-grayscale bt_bb_content_display_always bt_bb_content_align_middle\">\n<p>                        <a href=\"https:\/\/adcecija.pt\/en\/equipa\/diana-da-rocha-faria\/\" target=\"_self\" title=\"Diana da Rocha Faria\"><\/p>\n<p>                            <img loading=\"lazy\" decoding=\"async\" width=\"600\" height=\"600\" src=\"https:\/\/adcecija.pt\/wp-content\/uploads\/2023\/11\/DianadaRochaFaria-1.jpg\" class=\"attachment-medium size-medium wp-post-image\" alt=\"\" srcset=\"https:\/\/adcecija.pt\/wp-content\/uploads\/2023\/11\/DianadaRochaFaria-1.jpg 600w, https:\/\/adcecija.pt\/wp-content\/uploads\/2023\/11\/DianadaRochaFaria-1-160x160.jpg 160w, https:\/\/adcecija.pt\/wp-content\/uploads\/2023\/11\/DianadaRochaFaria-1-150x150.jpg 150w, https:\/\/adcecija.pt\/wp-content\/uploads\/2023\/11\/DianadaRochaFaria-1-320x320.jpg 320w\" sizes=\"auto, (max-width: 600px) 100vw, 600px\" \/>                            <\/a>\n                            <\/div>\n<div class=\"bt_bb_separator\"><\/div>\n<header class=\"bt_bb_headline text-socio bt_bb_color_scheme_2 bt_bb_dash_none bt_bb_size_small bt_bb_subheadline bt_bb_align_left bt_bb_subtitle_font_weight_light\" style=\";font-family:'Roboto';color:#425363;border-color:#425363;\">\n<h6 style=\"font-family:'Roboto'; font-size:14.9\">\n                                <span class=\"bt_bb_headline_content\"><span> Diana da Rocha Faria<\/span><\/span><br \/>\n                                <\/h6>\n<div class=\"bt_bb_headline_subheadline\">\n<p>                               DFARIA@ADCECIJA.PT<\/p>\n<\/div>\n<\/header>\n<div class=\"bt_bb_icon bt_bb_color_scheme_12 bt_bb_style_borderless bt_bb_size_xsmall bt_bb_shape_square bt_bb_align_inherit\">\n                                        <a href=\"https:\/\/www.linkedin.com\/in\/diana-da-rocha-faria\/\" target=\"_blank\" data-ico-fontawesome=\"\uf0e1\" class=\"bt_bb_icon_holder\"><\/a>\n                                        <\/div>\n<div class=\"bt_bb_icon bt_bb_color_scheme_12 bt_bb_style_borderless bt_bb_size_small bt_bb_shape_circle bt_bb_align_inherit\"><a href=\"mailto:DFARIA@ADCECIJA.PT\" target=\"_self\" data-ico-fontawesome=\"\uf0e0\" class=\"bt_bb_icon_holder\"><br \/>\n                                        <\/a><\/p>\n<\/div>\n<\/div>\n<\/div>\n<div class=\"bt_bb_column_inner col-md-3 col-sm-6 col-ms-12 bt_bb_align_left bt_bb_vertical_align_top bt_bb_padding_normal\" data-width=\"3\">\n<div class=\"bt_bb_column_inner_content\">\n<div class=\"bt_bb_image bt_bb_shape_square bt_bb_align_inherit bt_bb_hover_style_zoom-in-to-grayscale bt_bb_content_display_always bt_bb_content_align_middle\">\n<p>                        <a href=\"https:\/\/adcecija.pt\/en\/equipa\/pedro-carrola-soares\/\" target=\"_self\" title=\"Pedro Carrola Soares\"><\/p>\n<p>                            <img loading=\"lazy\" decoding=\"async\" width=\"600\" height=\"600\" src=\"https:\/\/adcecija.pt\/wp-content\/uploads\/2025\/07\/PedroSoares-thumbnails.jpg\" class=\"attachment-medium size-medium wp-post-image\" alt=\"\" srcset=\"https:\/\/adcecija.pt\/wp-content\/uploads\/2025\/07\/PedroSoares-thumbnails.jpg 600w, https:\/\/adcecija.pt\/wp-content\/uploads\/2025\/07\/PedroSoares-thumbnails-160x160.jpg 160w, https:\/\/adcecija.pt\/wp-content\/uploads\/2025\/07\/PedroSoares-thumbnails-150x150.jpg 150w, https:\/\/adcecija.pt\/wp-content\/uploads\/2025\/07\/PedroSoares-thumbnails-320x320.jpg 320w\" sizes=\"auto, (max-width: 600px) 100vw, 600px\" \/>                            <\/a>\n                            <\/div>\n<div class=\"bt_bb_separator\"><\/div>\n<header class=\"bt_bb_headline text-socio bt_bb_color_scheme_2 bt_bb_dash_none bt_bb_size_small bt_bb_subheadline bt_bb_align_left bt_bb_subtitle_font_weight_light\" style=\";font-family:'Roboto';color:#425363;border-color:#425363;\">\n<h6 style=\"font-family:'Roboto'; font-size:14.9\">\n                                <span class=\"bt_bb_headline_content\"><span> Pedro Carrola Soares<\/span><\/span><br \/>\n                                <\/h6>\n<div class=\"bt_bb_headline_subheadline\">\n<p>                               PSOARES@ADCECIJA.PT<\/p>\n<\/div>\n<\/header>\n<div class=\"bt_bb_icon bt_bb_color_scheme_12 bt_bb_style_borderless bt_bb_size_xsmall bt_bb_shape_square bt_bb_align_inherit\">\n                                        <a href=\"https:\/\/www.linkedin.com\/in\/pedro-soares-2a2b95246\/\" target=\"_blank\" data-ico-fontawesome=\"\uf0e1\" class=\"bt_bb_icon_holder\"><\/a>\n                                        <\/div>\n<div class=\"bt_bb_icon bt_bb_color_scheme_12 bt_bb_style_borderless bt_bb_size_small bt_bb_shape_circle bt_bb_align_inherit\"><a href=\"mailto:PSOARES@ADCECIJA.PT\" target=\"_self\" data-ico-fontawesome=\"\uf0e0\" class=\"bt_bb_icon_holder\"><br \/>\n                                        <\/a><\/p>\n<\/div>\n<\/div>\n<\/div>\n<div class=\"bt_bb_column_inner col-md-3 col-sm-6 col-ms-12 bt_bb_align_left bt_bb_vertical_align_top bt_bb_padding_normal\" data-width=\"3\">\n<div class=\"bt_bb_column_inner_content\">\n<div class=\"bt_bb_image bt_bb_shape_square bt_bb_align_inherit bt_bb_hover_style_zoom-in-to-grayscale bt_bb_content_display_always bt_bb_content_align_middle\">\n<p>                        <a href=\"https:\/\/adcecija.pt\/en\/equipa\/marta-beleza-costa\/\" target=\"_self\" title=\"Marta Beleza Costa\"><\/p>\n<p>                            <img loading=\"lazy\" decoding=\"async\" width=\"600\" height=\"600\" src=\"https:\/\/adcecija.pt\/wp-content\/uploads\/2025\/08\/MartaBelezaCosta-thumbnails.jpg\" class=\"attachment-medium size-medium wp-post-image\" alt=\"\" srcset=\"https:\/\/adcecija.pt\/wp-content\/uploads\/2025\/08\/MartaBelezaCosta-thumbnails.jpg 600w, https:\/\/adcecija.pt\/wp-content\/uploads\/2025\/08\/MartaBelezaCosta-thumbnails-160x160.jpg 160w, https:\/\/adcecija.pt\/wp-content\/uploads\/2025\/08\/MartaBelezaCosta-thumbnails-150x150.jpg 150w, https:\/\/adcecija.pt\/wp-content\/uploads\/2025\/08\/MartaBelezaCosta-thumbnails-320x320.jpg 320w\" sizes=\"auto, (max-width: 600px) 100vw, 600px\" \/>                            <\/a>\n                            <\/div>\n<div class=\"bt_bb_separator\"><\/div>\n<header class=\"bt_bb_headline text-socio bt_bb_color_scheme_2 bt_bb_dash_none bt_bb_size_small bt_bb_subheadline bt_bb_align_left bt_bb_subtitle_font_weight_light\" style=\";font-family:'Roboto';color:#425363;border-color:#425363;\">\n<h6 style=\"font-family:'Roboto'; font-size:14.9\">\n                                <span class=\"bt_bb_headline_content\"><span> Marta Beleza Costa<\/span><\/span><br \/>\n                                <\/h6>\n<div class=\"bt_bb_headline_subheadline\">\n<p>                               MCOSTA@ADCECIJA.PT<\/p>\n<\/div>\n<\/header>\n<div class=\"bt_bb_icon bt_bb_color_scheme_12 bt_bb_style_borderless bt_bb_size_xsmall bt_bb_shape_square bt_bb_align_inherit\">\n                                        <a href=\"\" target=\"_blank\" data-ico-fontawesome=\"\uf0e1\" class=\"bt_bb_icon_holder\"><\/a>\n                                        <\/div>\n<div class=\"bt_bb_icon bt_bb_color_scheme_12 bt_bb_style_borderless bt_bb_size_small bt_bb_shape_circle bt_bb_align_inherit\"><a href=\"mailto:MCOSTA@ADCECIJA.PT\" target=\"_self\" data-ico-fontawesome=\"\uf0e0\" class=\"bt_bb_icon_holder\"><br \/>\n                                        <\/a><\/p>\n<\/div>\n<\/div>\n<\/div>\n<div class=\"bt_bb_column_inner col-md-3 col-sm-6 col-ms-12 bt_bb_align_left bt_bb_vertical_align_top bt_bb_padding_normal\" data-width=\"3\">\n<div class=\"bt_bb_column_inner_content\">\n<div class=\"bt_bb_image bt_bb_shape_square bt_bb_align_inherit bt_bb_hover_style_zoom-in-to-grayscale bt_bb_content_display_always bt_bb_content_align_middle\">\n<p>                        <a href=\"https:\/\/adcecija.pt\/en\/equipa\/simao-sobreiros-henriques\/\" target=\"_self\" title=\"Sim\u00e3o Sobreiros Henriques\"><\/p>\n<p>                            <img loading=\"lazy\" decoding=\"async\" width=\"600\" height=\"600\" src=\"https:\/\/adcecija.pt\/wp-content\/uploads\/2025\/03\/SimaoSobreirosHenriques-thumbnails.jpg\" class=\"attachment-medium size-medium wp-post-image\" alt=\"\" srcset=\"https:\/\/adcecija.pt\/wp-content\/uploads\/2025\/03\/SimaoSobreirosHenriques-thumbnails.jpg 600w, https:\/\/adcecija.pt\/wp-content\/uploads\/2025\/03\/SimaoSobreirosHenriques-thumbnails-160x160.jpg 160w, https:\/\/adcecija.pt\/wp-content\/uploads\/2025\/03\/SimaoSobreirosHenriques-thumbnails-150x150.jpg 150w, https:\/\/adcecija.pt\/wp-content\/uploads\/2025\/03\/SimaoSobreirosHenriques-thumbnails-320x320.jpg 320w\" sizes=\"auto, (max-width: 600px) 100vw, 600px\" \/>                            <\/a>\n                            <\/div>\n<div class=\"bt_bb_separator\"><\/div>\n<header class=\"bt_bb_headline text-socio bt_bb_color_scheme_2 bt_bb_dash_none bt_bb_size_small bt_bb_subheadline bt_bb_align_left bt_bb_subtitle_font_weight_light\" style=\";font-family:'Roboto';color:#425363;border-color:#425363;\">\n<h6 style=\"font-family:'Roboto'; font-size:14.9\">\n                                <span class=\"bt_bb_headline_content\"><span> Sim\u00e3o Sobreiros Henriques<\/span><\/span><br \/>\n                                <\/h6>\n<div class=\"bt_bb_headline_subheadline\">\n<p>                               SHENRIQUES@ADCECIJA.PT<\/p>\n<\/div>\n<\/header>\n<div class=\"bt_bb_icon bt_bb_color_scheme_12 bt_bb_style_borderless bt_bb_size_xsmall bt_bb_shape_square bt_bb_align_inherit\">\n                                        <a href=\"\" target=\"_blank\" data-ico-fontawesome=\"\uf0e1\" class=\"bt_bb_icon_holder\"><\/a>\n                                        <\/div>\n<div class=\"bt_bb_icon bt_bb_color_scheme_12 bt_bb_style_borderless bt_bb_size_small bt_bb_shape_circle bt_bb_align_inherit\"><a href=\"mailto:SHENRIQUES@ADCECIJA.PT\" target=\"_self\" data-ico-fontawesome=\"\uf0e0\" class=\"bt_bb_icon_holder\"><br \/>\n                                        <\/a><\/p>\n<\/div>\n<\/div>\n<\/div>\n<div class=\"bt_bb_column_inner col-md-3 col-sm-6 col-ms-12 bt_bb_align_left bt_bb_vertical_align_top bt_bb_padding_normal\" data-width=\"3\">\n<div class=\"bt_bb_column_inner_content\">\n<div class=\"bt_bb_image bt_bb_shape_square bt_bb_align_inherit bt_bb_hover_style_zoom-in-to-grayscale bt_bb_content_display_always bt_bb_content_align_middle\">\n<p>                        <a href=\"https:\/\/adcecija.pt\/en\/equipa\/helena-antunes\/\" target=\"_self\" title=\"Helena Antunes\"><\/p>\n<p>                            <img loading=\"lazy\" decoding=\"async\" width=\"600\" height=\"600\" src=\"https:\/\/adcecija.pt\/wp-content\/uploads\/2025\/01\/HelenaAntunes-thumbnails.jpg\" class=\"attachment-medium size-medium wp-post-image\" alt=\"\" srcset=\"https:\/\/adcecija.pt\/wp-content\/uploads\/2025\/01\/HelenaAntunes-thumbnails.jpg 600w, https:\/\/adcecija.pt\/wp-content\/uploads\/2025\/01\/HelenaAntunes-thumbnails-160x160.jpg 160w, https:\/\/adcecija.pt\/wp-content\/uploads\/2025\/01\/HelenaAntunes-thumbnails-150x150.jpg 150w, https:\/\/adcecija.pt\/wp-content\/uploads\/2025\/01\/HelenaAntunes-thumbnails-320x320.jpg 320w\" sizes=\"auto, (max-width: 600px) 100vw, 600px\" \/>                            <\/a>\n                            <\/div>\n<div class=\"bt_bb_separator\"><\/div>\n<header class=\"bt_bb_headline text-socio bt_bb_color_scheme_2 bt_bb_dash_none bt_bb_size_small bt_bb_subheadline bt_bb_align_left bt_bb_subtitle_font_weight_light\" style=\";font-family:'Roboto';color:#425363;border-color:#425363;\">\n<h6 style=\"font-family:'Roboto'; font-size:14.9\">\n                                <span class=\"bt_bb_headline_content\"><span> Helena Antunes<\/span><\/span><br \/>\n                                <\/h6>\n<div class=\"bt_bb_headline_subheadline\">\n<p>                               HANTUNES@ADCECIJA.PT<\/p>\n<\/div>\n<\/header>\n<div class=\"bt_bb_icon bt_bb_color_scheme_12 bt_bb_style_borderless bt_bb_size_xsmall bt_bb_shape_square bt_bb_align_inherit\">\n                                        <a href=\"\" target=\"_blank\" data-ico-fontawesome=\"\uf0e1\" class=\"bt_bb_icon_holder\"><\/a>\n                                        <\/div>\n<div class=\"bt_bb_icon bt_bb_color_scheme_12 bt_bb_style_borderless bt_bb_size_small bt_bb_shape_circle bt_bb_align_inherit\"><a href=\"mailto:HANTUNES@ADCECIJA.PT\" target=\"_self\" data-ico-fontawesome=\"\uf0e0\" class=\"bt_bb_icon_holder\"><br \/>\n                                        <\/a><\/p>\n<\/div>\n<\/div>\n<\/div>\n<div class=\"bt_bb_column_inner col-md-3 col-sm-6 col-ms-12 bt_bb_align_left bt_bb_vertical_align_top bt_bb_padding_normal\" data-width=\"3\">\n<div class=\"bt_bb_column_inner_content\">\n<div class=\"bt_bb_image bt_bb_shape_square bt_bb_align_inherit bt_bb_hover_style_zoom-in-to-grayscale bt_bb_content_display_always bt_bb_content_align_middle\">\n<p>                        <a href=\"https:\/\/adcecija.pt\/en\/equipa\/marta-albuquerque-coelho\/\" target=\"_self\" title=\"Marta Albuquerque Coelho\"><\/p>\n<p>                            <img loading=\"lazy\" decoding=\"async\" width=\"600\" height=\"600\" src=\"https:\/\/adcecija.pt\/wp-content\/uploads\/2026\/01\/MartaAlbuquerqueCoelho-thumbnails.jpg\" class=\"attachment-medium size-medium wp-post-image\" alt=\"\" srcset=\"https:\/\/adcecija.pt\/wp-content\/uploads\/2026\/01\/MartaAlbuquerqueCoelho-thumbnails.jpg 600w, https:\/\/adcecija.pt\/wp-content\/uploads\/2026\/01\/MartaAlbuquerqueCoelho-thumbnails-160x160.jpg 160w, https:\/\/adcecija.pt\/wp-content\/uploads\/2026\/01\/MartaAlbuquerqueCoelho-thumbnails-150x150.jpg 150w, https:\/\/adcecija.pt\/wp-content\/uploads\/2026\/01\/MartaAlbuquerqueCoelho-thumbnails-320x320.jpg 320w\" sizes=\"auto, (max-width: 600px) 100vw, 600px\" \/>                            <\/a>\n                            <\/div>\n<div class=\"bt_bb_separator\"><\/div>\n<header class=\"bt_bb_headline text-socio bt_bb_color_scheme_2 bt_bb_dash_none bt_bb_size_small bt_bb_subheadline bt_bb_align_left bt_bb_subtitle_font_weight_light\" style=\";font-family:'Roboto';color:#425363;border-color:#425363;\">\n<h6 style=\"font-family:'Roboto'; font-size:14.9\">\n                                <span class=\"bt_bb_headline_content\"><span> Marta Albuquerque Coelho<\/span><\/span><br \/>\n                                <\/h6>\n<div class=\"bt_bb_headline_subheadline\">\n<p>                               MCOELHO@ADCECIJA.PT<\/p>\n<\/div>\n<\/header>\n<div class=\"bt_bb_icon bt_bb_color_scheme_12 bt_bb_style_borderless bt_bb_size_xsmall bt_bb_shape_square bt_bb_align_inherit\">\n                                        <a href=\"\" target=\"_blank\" data-ico-fontawesome=\"\uf0e1\" class=\"bt_bb_icon_holder\"><\/a>\n                                        <\/div>\n<div class=\"bt_bb_icon bt_bb_color_scheme_12 bt_bb_style_borderless bt_bb_size_small bt_bb_shape_circle bt_bb_align_inherit\"><a href=\"mailto:MCOELHO@ADCECIJA.PT\" target=\"_self\" data-ico-fontawesome=\"\uf0e0\" class=\"bt_bb_icon_holder\"><br \/>\n                                        <\/a><\/p>\n<\/div>\n<\/div>\n<\/div>\n<div class=\"bt_bb_column_inner col-md-3 col-sm-6 col-ms-12 bt_bb_align_left bt_bb_vertical_align_top bt_bb_padding_normal\" data-width=\"3\">\n<div class=\"bt_bb_column_inner_content\">\n<div class=\"bt_bb_image bt_bb_shape_square bt_bb_align_inherit bt_bb_hover_style_zoom-in-to-grayscale bt_bb_content_display_always bt_bb_content_align_middle\">\n<p>                        <a href=\"https:\/\/adcecija.pt\/en\/equipa\/antonio-freitas\/\" target=\"_self\" title=\"Ant\u00f3nio Freitas\"><\/p>\n<p>                            <img loading=\"lazy\" decoding=\"async\" width=\"600\" height=\"600\" src=\"https:\/\/adcecija.pt\/wp-content\/uploads\/2025\/10\/AntonioFreitas-thumbnails.jpg\" class=\"attachment-medium size-medium wp-post-image\" alt=\"\" srcset=\"https:\/\/adcecija.pt\/wp-content\/uploads\/2025\/10\/AntonioFreitas-thumbnails.jpg 600w, https:\/\/adcecija.pt\/wp-content\/uploads\/2025\/10\/AntonioFreitas-thumbnails-160x160.jpg 160w, https:\/\/adcecija.pt\/wp-content\/uploads\/2025\/10\/AntonioFreitas-thumbnails-150x150.jpg 150w, https:\/\/adcecija.pt\/wp-content\/uploads\/2025\/10\/AntonioFreitas-thumbnails-320x320.jpg 320w\" sizes=\"auto, (max-width: 600px) 100vw, 600px\" \/>                            <\/a>\n                            <\/div>\n<div class=\"bt_bb_separator\"><\/div>\n<header class=\"bt_bb_headline text-socio bt_bb_color_scheme_2 bt_bb_dash_none bt_bb_size_small bt_bb_subheadline bt_bb_align_left bt_bb_subtitle_font_weight_light\" style=\";font-family:'Roboto';color:#425363;border-color:#425363;\">\n<h6 style=\"font-family:'Roboto'; font-size:14.9\">\n                                <span class=\"bt_bb_headline_content\"><span> Ant\u00f3nio Freitas<\/span><\/span><br \/>\n                                <\/h6>\n<div class=\"bt_bb_headline_subheadline\">\n<p>                               afreitas@adcecija.pt<\/p>\n<\/div>\n<\/header>\n<div class=\"bt_bb_icon bt_bb_color_scheme_12 bt_bb_style_borderless bt_bb_size_xsmall bt_bb_shape_square bt_bb_align_inherit\">\n                                        <a href=\"\" target=\"_blank\" data-ico-fontawesome=\"\uf0e1\" class=\"bt_bb_icon_holder\"><\/a>\n                                        <\/div>\n<div class=\"bt_bb_icon bt_bb_color_scheme_12 bt_bb_style_borderless bt_bb_size_small bt_bb_shape_circle bt_bb_align_inherit\"><a href=\"mailto:afreitas@adcecija.pt\" target=\"_self\" data-ico-fontawesome=\"\uf0e0\" class=\"bt_bb_icon_holder\"><br \/>\n                                        <\/a><\/p>\n<\/div>\n<\/div>\n<\/div>\n<div class=\"bt_bb_column_inner col-md-3 col-sm-6 col-ms-12 bt_bb_align_left bt_bb_vertical_align_top bt_bb_padding_normal\" data-width=\"3\">\n<div class=\"bt_bb_column_inner_content\">\n<div class=\"bt_bb_image bt_bb_shape_square bt_bb_align_inherit bt_bb_hover_style_zoom-in-to-grayscale bt_bb_content_display_always bt_bb_content_align_middle\">\n<p>                        <a href=\"https:\/\/adcecija.pt\/en\/equipa\/maria-sa-monteiro\/\" target=\"_self\" title=\"Maria S\u00e1 Monteiro\"><\/p>\n<p>                            <img loading=\"lazy\" decoding=\"async\" width=\"600\" height=\"600\" src=\"https:\/\/adcecija.pt\/wp-content\/uploads\/2025\/10\/MariaSaMonteiro-thumbnails.jpg\" class=\"attachment-medium size-medium wp-post-image\" alt=\"\" srcset=\"https:\/\/adcecija.pt\/wp-content\/uploads\/2025\/10\/MariaSaMonteiro-thumbnails.jpg 600w, https:\/\/adcecija.pt\/wp-content\/uploads\/2025\/10\/MariaSaMonteiro-thumbnails-160x160.jpg 160w, https:\/\/adcecija.pt\/wp-content\/uploads\/2025\/10\/MariaSaMonteiro-thumbnails-150x150.jpg 150w, https:\/\/adcecija.pt\/wp-content\/uploads\/2025\/10\/MariaSaMonteiro-thumbnails-320x320.jpg 320w\" sizes=\"auto, (max-width: 600px) 100vw, 600px\" \/>                            <\/a>\n                            <\/div>\n<div class=\"bt_bb_separator\"><\/div>\n<header class=\"bt_bb_headline text-socio bt_bb_color_scheme_2 bt_bb_dash_none bt_bb_size_small bt_bb_subheadline bt_bb_align_left bt_bb_subtitle_font_weight_light\" style=\";font-family:'Roboto';color:#425363;border-color:#425363;\">\n<h6 style=\"font-family:'Roboto'; font-size:14.9\">\n                                <span class=\"bt_bb_headline_content\"><span> Maria S\u00e1 Monteiro<\/span><\/span><br \/>\n                                <\/h6>\n<div class=\"bt_bb_headline_subheadline\">\n<p>                               mmonteiro@adcecija.pt<\/p>\n<\/div>\n<\/header>\n<div class=\"bt_bb_icon bt_bb_color_scheme_12 bt_bb_style_borderless bt_bb_size_xsmall bt_bb_shape_square bt_bb_align_inherit\">\n                                        <a href=\"www.linkedin.com\/in\/maria-s\u00e1-monteiro\" target=\"_blank\" data-ico-fontawesome=\"\uf0e1\" class=\"bt_bb_icon_holder\"><\/a>\n                                        <\/div>\n<div class=\"bt_bb_icon bt_bb_color_scheme_12 bt_bb_style_borderless bt_bb_size_small bt_bb_shape_circle bt_bb_align_inherit\"><a href=\"mailto:mmonteiro@adcecija.pt\" target=\"_self\" data-ico-fontawesome=\"\uf0e0\" class=\"bt_bb_icon_holder\"><br \/>\n                                        <\/a><\/p>\n<\/div>\n<\/div>\n<\/div>\n<\/div>\n<\/div>\n<\/div>\n<\/div><\/div><\/div><div class=\"bt_bb_separator bt_bb_border_style_none bt_bb_bottom_spacing_40\" data-bt-override-class=\"null\"><\/div><\/div><\/div><\/div><\/div><\/div><\/div><!-- cell_inner --><\/div><!-- cell --><\/div><!-- port --><\/section><section id=\"recrutamentosection\" class=\"bt_bb_section bt_bb_layout_wide bt_bb_vertical_align_top\" style=\";background-color:#425363;\" data-bt-override-class=\"null\"><div class=\"bt_bb_port\"><div class=\"bt_bb_cell\"><div class=\"bt_bb_cell_inner\"><div class=\"bt_bb_row_wrapper\"><div  class=\"bt_bb_row\"  data-bt-override-class=\"{}\"><div  class=\"bt_bb_column col-xl-12 bt_bb_align_left bt_bb_padding_normal bt_bb_animation_move_up animate\"  data-width=\"12\" data-bt-override-class=\"{}\"><div class=\"bt_bb_column_content bt_bb_vertical_align_top bt_bb_color_scheme_\"><div class=\"bt_bb_column_content_inner\"><div class=\"bt_bb_separator bt_bb_border_style_none bt_bb_top_spacing_130 bt_bb_bottom_spacing_130\" data-bt-override-class=\"null\"><\/div><header class=\"bt_bb_headline bt_bb_font_weight_lighter bt_bb_dash_none bt_bb_size_inherit bt_bb_align_center bt_bb_subtitle_font_weight_bold\" style=\";font-family:&#039;Roboto&#039;;color:#ffffff;border-color:#ffffff;\" data-bt-override-class=\"{}\"><h1 style=\"font-family:'Roboto'; font-size:51px\" class=\"bt_bb_headline_tag\"><span class=\"bt_bb_headline_content\"><span>RECRUITMENT<\/span><\/span><\/h1><\/header><header class=\"bt_bb_headline bt_bb_font_weight_bold bt_bb_dash_none bt_bb_size_inherit bt_bb_align_center bt_bb_subtitle_font_weight_bold\" style=\";font-family:&#039;Roboto&#039;;color:#ffffff;border-color:#ffffff;\" data-bt-override-class=\"{}\"><h1 style=\"font-family:'Roboto'; font-size:51px\" class=\"bt_bb_headline_tag\"><span class=\"bt_bb_headline_content\"><span>Hire character. Train skill.<\/span><\/span><\/h1><\/header><div class=\"bt_bb_separator bt_bb_border_style_none bt_bb_top_spacing_130 bt_bb_bottom_spacing_130\" data-bt-override-class=\"null\"><\/div><\/div><\/div><\/div><\/div><\/div><\/div><!-- cell_inner --><\/div><!-- cell --><\/div><!-- port --><\/section><section id=\"bt_bb_section69ef952f40dda\" class=\"bt_bb_section bt_bb_layout_wide bt_bb_vertical_align_top\"  data-bt-override-class=\"null\"><div class=\"bt_bb_port\"><div class=\"bt_bb_cell\"><div class=\"bt_bb_cell_inner\"><div class=\"bt_bb_row_wrapper\"><div  class=\"bt_bb_row\"  data-bt-override-class=\"{}\"><div id=\"imgrecru\" class=\"bt_bb_column col-xl-6 bt_bb_align_left bt_bb_padding_normal bt_bb_animation_fade_in bt_bb_animation_move_right animate\"  data-width=\"6\" data-bt-override-class=\"{}\"><div class=\"bt_bb_column_content bt_bb_vertical_align_top bt_bb_color_scheme_\"><div class=\"bt_bb_column_content_inner\"><div class=\"bt_bb_image Retngulo-128 bt_bb_shape_square bt_bb_target_self bt_bb_align_inherit bt_bb_hover_style_simple bt_bb_content_display_always bt_bb_content_align_top\" data-bt-override-class=\"{}\"><span><img loading=\"lazy\" decoding=\"async\" width=\"923\" height=\"1184\" src=\"https:\/\/adcecija.pt\/wp-content\/uploads\/2020\/07\/Ret\u00e2ngulo-128-e1594262040173.png\" class=\"attachment-full size-full\" alt=\"https:\/\/adcecija.pt\/wp-content\/uploads\/2020\/07\/Ret\u00e2ngulo-128-e1594262040173.png\" data-full_image_src=\"https:\/\/adcecija.pt\/wp-content\/uploads\/2020\/07\/Ret\u00e2ngulo-128-e1594262040173.png\" title=\"Ret\u00e2ngulo 128\" srcset=\"https:\/\/adcecija.pt\/wp-content\/uploads\/2020\/07\/Ret\u00e2ngulo-128-e1594262040173.png 923w, https:\/\/adcecija.pt\/wp-content\/uploads\/2020\/07\/Ret\u00e2ngulo-128-e1594262040173-640x821.png 640w, https:\/\/adcecija.pt\/wp-content\/uploads\/2020\/07\/Ret\u00e2ngulo-128-e1594262040173-768x985.png 768w, https:\/\/adcecija.pt\/wp-content\/uploads\/2020\/07\/Ret\u00e2ngulo-128-e1594262040173-320x410.png 320w\" sizes=\"auto, (max-width: 923px) 100vw, 923px\" \/><\/span><\/div><\/div><\/div><\/div><div  class=\"bt_bb_column col-xl-6 bt_bb_align_left bt_bb_padding_normal bt_bb_animation_fade_in bt_bb_animation_move_left animate\"  data-width=\"6\" data-bt-override-class=\"{}\"><div class=\"bt_bb_column_content bt_bb_vertical_align_top bt_bb_color_scheme_\"><div class=\"bt_bb_column_content_inner\"><div class=\"bt_bb_separator bt_bb_border_style_none bt_bb_top_spacing_80 bt_bb_bottom_spacing_80\" data-bt-override-class=\"null\"><\/div><\/div><\/div><\/div><\/div><\/div><div class=\"bt_bb_row_wrapper\"><div  class=\"bt_bb_row bt_bb_hidden_xs bt_bb_hidden_ms bt_bb_hidden_sm bt_bb_hidden_md bt_bb_hidden_lg\"  data-bt-override-class=\"{}\"><div  class=\"bt_bb_column col-xl-12 bt_bb_align_left bt_bb_padding_130 bt_bb_animation_zoom_in animate\"  data-width=\"12\" data-bt-override-class=\"{}\"><div class=\"bt_bb_column_content bt_bb_vertical_align_top bt_bb_color_scheme_\"><div class=\"bt_bb_column_content_inner\"><div class=\"bt_bb_separator bt_bb_border_style_none bt_bb_top_spacing_40 bt_bb_bottom_spacing_80\" data-bt-override-class=\"null\"><\/div><div class=\"btQuoteBooking  btQuoteBookingWithoutColor c69ef952f41e6f\"  data-admin_email=\"\" data-cf7_id=\"\" data-email_client=\"\" data-email_gdpr=\"\" data-email_gdpr_text=\"\" data-email_gdpr_not_text=\"\" data-currency=\"\" data-currency_after=\"\" data-currency_space=\"\" data-url_confirmation=\"\" data-url_ajax=\"https:\/\/adcecija.pt\/wp-admin\/admin-ajax.php\" data-subject=\"\" data-email_header=\"\" data-email_footer=\"\" data-date_text=\"Preferred Service Date\" data-time_text=\"Preferred Service Time\" data-message_please_wait=\"Please wait...\" data-message_success=\"Thank you, we will contact you soon!\" data-message_error=\"Error! Please try again later.\" data-message_mandatory=\"Please fill out all required fields.\" data-rec_secret_key=\"\" data-total_text=\"Total\" data-total_format=\"currency_1\" data-total_decimals=\"2\" data-date_format=\"\" data-bt_cc_nonce=\"376eae25c1\"><div class=\"btQuoteBookingWrap\"><div class=\"btQuoteBookingForm btActive\"><div class=\"bt_bb_raw_content\"><div style=\"text-align: justify; color: #324251;\">\n<div style=\"margin-right: 10px;\" class=\"btQuoteSwitch btQuoteElement\" data-off=\"N\u00e3o\" data-on=\"Sim\" data-condition=\"\" data-initial-value=\"off\">\n<div class=\"btQuoteSwitchInner\"><\/div>\n<\/div>\n<p>Os dados recolhidos no presente formul\u00e1rio ser\u00e3o processados e armazenados informaticamente e eventualmente em suporte papel. A Antas da Cunha &#038; Associados &#8211; Sociedade de Advogados, RL \u00e9 a entidade respons\u00e1vel pelo tratamento dos dados pessoais.<\/p>\n<p>A informa\u00e7\u00e3o fornecida ser\u00e1 tratada de forma confidencial e utilizada exclusivamente para efeitos de recrutamento e da pondera\u00e7\u00e3o de uma eventual colabora\u00e7\u00e3o do titular dos dados com a Antas da Cunha. Em caso de contrata\u00e7\u00e3o, os dados recolhidos no presente formul\u00e1rio, em conjunto com os demais dados obtidos no \u00e2mbito da rela\u00e7\u00e3o contratual, ser\u00e3o utilizados para a gest\u00e3o de recursos humanos, para assegurar o cumprimento das obriga\u00e7\u00f5es legais e para a disponibiliza\u00e7\u00e3o, aos colaboradores, de meios necess\u00e1rios \u00e0 prossecu\u00e7\u00e3o da atividade profissional.<\/p>\n<p>A Antas da Cunha poder\u00e1 transmitir os seus dados a entidades subcontratadas para os efeitos acima referidos.<\/p>\n<p>Nos termos da legisla\u00e7\u00e3o aplic\u00e1vel, \u00e9 garantido ao titular o direito de acesso, retifica\u00e7\u00e3o e atualiza\u00e7\u00e3o dos seus dados pessoais, mediante pedido por escrito dirigido \u00e0 entidade respons\u00e1vel pelo tratamento dos dados e remetido por correio para recrutamento@adcecija.pt.<br>\nOs dados pessoais s\u00e3o submetidos \u00e0 Antas da Cunha atrav\u00e9s de uma rede aberta pelo que poder\u00e1 existir o risco de serem vistos e utilizados por terceiros n\u00e3o autorizados.<\/p>\n<\/div><\/div><div class=\"btTotalNextWrapper\"><\/div><\/div><\/div><\/div><div class=\"bt_bb_separator bt_bb_border_style_none bt_bb_bottom_spacing_80\" data-bt-override-class=\"null\"><\/div><\/div><\/div><\/div><\/div><\/div><\/div><!-- cell_inner --><\/div><!-- cell --><\/div><!-- port --><\/section>","protected":false},"excerpt":{"rendered":"","protected":false},"author":6,"featured_media":0,"parent":0,"menu_order":0,"comment_status":"closed","ping_status":"closed","template":"","meta":{"_exactmetrics_skip_tracking":false,"_exactmetrics_sitenote_active":false,"_exactmetrics_sitenote_note":"","_exactmetrics_sitenote_category":0,"footnotes":""},"class_list":["post-12772","page","type-page","status-publish","hentry"],"_links":{"self":[{"href":"https:\/\/adcecija.pt\/en\/wp-json\/wp\/v2\/pages\/12772","targetHints":{"allow":["GET"]}}],"collection":[{"href":"https:\/\/adcecija.pt\/en\/wp-json\/wp\/v2\/pages"}],"about":[{"href":"https:\/\/adcecija.pt\/en\/wp-json\/wp\/v2\/types\/page"}],"author":[{"embeddable":true,"href":"https:\/\/adcecija.pt\/en\/wp-json\/wp\/v2\/users\/6"}],"replies":[{"embeddable":true,"href":"https:\/\/adcecija.pt\/en\/wp-json\/wp\/v2\/comments?post=12772"}],"version-history":[{"count":12,"href":"https:\/\/adcecija.pt\/en\/wp-json\/wp\/v2\/pages\/12772\/revisions"}],"predecessor-version":[{"id":17947,"href":"https:\/\/adcecija.pt\/en\/wp-json\/wp\/v2\/pages\/12772\/revisions\/17947"}],"wp:attachment":[{"href":"https:\/\/adcecija.pt\/en\/wp-json\/wp\/v2\/media?parent=12772"}],"curies":[{"name":"wp","href":"https:\/\/api.w.org\/{rel}","templated":true}]}}