{"id":11584,"date":"2020-07-17T02:03:11","date_gmt":"2020-07-17T02:03:11","guid":{"rendered":"https:\/\/adcecija.pt\/historia-premio\/"},"modified":"2020-10-14T19:12:56","modified_gmt":"2020-10-14T19:12:56","slug":"historia-premio","status":"publish","type":"page","link":"https:\/\/adcecija.pt\/en\/historia-premio\/","title":{"rendered":"Hist\u00f3ria Pr\u00e9mio"},"content":{"rendered":"<section id=\"bt_bb_section69f50bcbc87c8\" class=\"bt_bb_section bt_bb_color_scheme_1 bt_bb_layout_boxed_1200 bt_bb_vertical_align_top\" style=\"position:relative;; --section-primary-color:#ffffff; --section-secondary-color:#191919;\" data-bt-override-class=\"null\"><div class=\"bt_bb_background_image_holder_wrapper\"><div class=\"bt_bb_background_image_holder\"  data-parallax-zoom-start=\"1\" data-parallax-zoom-end=\"1\" data-parallax-blur-start=\"0\" data-parallax-blur-end=\"0\" data-parallax-opacity-start=\"1\" data-parallax-opacity-end=\"1\" style=\" background-image:url(&#039;https:\/\/adcecija.pt\/wp-content\/uploads\/2020\/07\/historia-tratada-e1594721970910.jpg&#039;);\"><\/div><\/div><div class=\"bt_bb_port\"><div class=\"bt_bb_cell\"><div class=\"bt_bb_cell_inner\"><div class=\"bt_bb_row_wrapper bt_bb_row_width_boxed_1200\"><div  class=\"bt_bb_row\"  data-bt-override-class=\"{}\"><div  class=\"bt_bb_column col-xl-12 bt_bb_align_left bt_bb_padding_normal bt_bb_animation_zoom_in animate\"  data-width=\"12\" data-bt-override-class=\"{}\"><div class=\"bt_bb_column_content bt_bb_vertical_align_top bt_bb_color_scheme_\"><div class=\"bt_bb_column_content_inner\"><div class=\"bt_bb_separator bt_bb_border_style_none bt_bb_top_spacing_130 bt_bb_bottom_spacing_130\" data-bt-override-class=\"null\"><\/div><header class=\"bt_bb_headline bt_bb_font_weight_bold bt_bb_dash_none bt_bb_size_extralarge bt_bb_align_center\" style=\";font-family:&#039;Roboto&#039;;color:#ffffff;border-color:#ffffff;\" data-bt-override-class=\"{}\"><h1 style=\"font-family:'Roboto'; font-size:93px\" class=\"bt_bb_headline_tag\"><span class=\"bt_bb_headline_content\"><span>Hist\u00f3ria<\/span><\/span><\/h1><\/header><div class=\"bt_bb_separator bt_bb_border_style_none bt_bb_top_spacing_130 bt_bb_bottom_spacing_130\" data-bt-override-class=\"null\"><\/div><\/div><\/div><\/div><\/div><\/div><\/div><!-- cell_inner --><\/div><!-- cell --><\/div><!-- port --><\/section><section id=\"bt_bb_section69f50bcbc8e70\" class=\"bt_bb_section bt_bb_layout_boxed_1200 bt_bb_vertical_align_top\" style=\";background-color:#425363;\" data-bt-override-class=\"null\"><div class=\"bt_bb_port\"><div class=\"bt_bb_cell\"><div class=\"bt_bb_cell_inner\"><div class=\"bt_bb_row_wrapper\"><div  class=\"bt_bb_row\"  data-bt-override-class=\"{}\"><div  class=\"bt_bb_column col-xl-12 bt_bb_align_left bt_bb_padding_normal\"  data-width=\"12\" data-bt-override-class=\"{}\"><div class=\"bt_bb_column_content bt_bb_vertical_align_top bt_bb_color_scheme_\"><div class=\"bt_bb_column_content_inner\"><div id=\"sociedade-page-history\" class=\"bt_bb_text\" ><div class=\"bold_timeline_container bold_timeline_container_line_style_solid bold_timeline_container_has_line_style bold_timeline_container_line_thickness_thin bold_timeline_container_item_style_filled_header bold_timeline_container_line_position_vertical bold_timeline_container_line_position_overlap bold_timeline_container_line_position_center bold_timeline_container_item_frame_thickness_thin bold_timeline_container_item_shape_square bold_timeline_container_item_icon_position_line bold_timeline_container_item_icon_shape_hard_rounded bold_timeline_container_item_icon_style_outline bold_timeline_container_item_connection_type_line bold_timeline_container_item_content_display_show bold_timeline_container_item_marker_type_dot bold_timeline_container_item_title_size_large bold_timeline_container_item_supertitle_style_inherit bold_timeline_container_item_alignment_default bold_timeline_container_item_media_position_bottom bold_timeline_container_item_images_columns_1 bold_timeline_container_group_style_filled bold_timeline_container_group_shape_square bold_timeline_container_group_thickness_normal bold_timeline_container_group_content_display_show bold_timeline_container_button_style_outline bold_timeline_container_button_shape_square bold_timeline_container_button_size_small bold_timeline_container_group_title_size_large\" id=\"id_69f50bcbca228\" style=\"margin-top: -56px !important;\" data-css-override=\".bold_timeline_container.bold_timeline_container_has_line_style .bold_timeline_container_line{ border-color: #e9eaea;}}.bold_timeline_container.bold_timeline_container_group_style_outline .bold_timeline_group_override_style_inherit.bold_timeline_group .bold_timeline_group_header, .bold_timeline_container .bold_timeline_group_override_style_outline.bold_timeline_group .bold_timeline_group_header{ border-color: #e9eaea;}.bold_timeline_container.bold_timeline_container_group_style_filled .bold_timeline_group_override_style_inherit.bold_timeline_group .bold_timeline_group_header, .bold_timeline_container .bold_timeline_group_override_style_filled.bold_timeline_group .bold_timeline_group_header{ background: #e9eaea;}.bold_timeline_container.bold_timeline_container_group_style_shadow .bold_timeline_group_override_style_inherit.bold_timeline_group .bold_timeline_group_header, .bold_timeline_container .bold_timeline_group_override_style_shadow.bold_timeline_group .bold_timeline_group_header{ color: #e9eaea;}.bold_timeline_container_group_show_button_style_outline .bold_timeline_group_override_show_button_style_inherit.bold_timeline_group .bold_timeline_group_show_button .bold_timeline_group_show_button_inner, .bold_timeline_container .bold_timeline_group_override_show_button_style_outline.bold_timeline_group .bold_timeline_group_show_button .bold_timeline_group_show_button_inner{border: 2px solid #008ed4;}.bold_timeline_container_group_show_button_style_filled .bold_timeline_group_override_show_button_style_inherit.bold_timeline_group .bold_timeline_group_show_button .bold_timeline_group_show_button_inner, .bold_timeline_container .bold_timeline_group_override_show_button_style_filled.bold_timeline_group .bold_timeline_group_show_button .bold_timeline_group_show_button_inner{background: #008ed4;}.bold_timeline_container .bold_timeline_item .bold_timeline_item_inner{background: #425363;}.bold_timeline_container.bold_timeline_container_item_style_outline .bold_timeline_item_override_style_inherit.bold_timeline_item .bold_timeline_item_inner, .bold_timeline_container .bold_timeline_item_override_style_outline.bold_timeline_item .bold_timeline_item_inner{ border-color: #425363;}.bold_timeline_container.bold_timeline_container_item_style_outline_full .bold_timeline_item_override_style_inherit.bold_timeline_item .bold_timeline_item_inner, .bold_timeline_container .bold_timeline_item_override_style_outline_full.bold_timeline_item .bold_timeline_item_inner{ border-color: #425363;}.bold_timeline_container.bold_timeline_container_item_style_outline_full .bold_timeline_item_override_style_inherit.bold_timeline_item .bold_timeline_item_inner .bold_timeline_item_header, .bold_timeline_container .bold_timeline_item_override_style_outline_full.bold_timeline_item .bold_timeline_item_inner .bold_timeline_item_header{ border-bottom-color: #425363;}.bold_timeline_container.bold_timeline_container_item_style_outline_top .bold_timeline_item_override_style_inherit.bold_timeline_item .bold_timeline_item_inner, .bold_timeline_container .bold_timeline_item_override_style_outline_top.bold_timeline_item .bold_timeline_item_inner{ border-top-color: #425363;}.bold_timeline_container.bold_timeline_container_item_style_filled_header .bold_timeline_item_override_style_inherit.bold_timeline_item .bold_timeline_item_inner .bold_timeline_item_header, .bold_timeline_container .bold_timeline_item_override_style_filled_header.bold_timeline_item .bold_timeline_item_inner .bold_timeline_item_header{background: #425363;}.bold_timeline_container.bold_timeline_container_item_style_filled_header_outline .bold_timeline_item_override_style_inherit.bold_timeline_item .bold_timeline_item_inner, .bold_timeline_container .bold_timeline_item_override_style_filled_header_outline.bold_timeline_item .bold_timeline_item_inner{ border-color: #425363;}.bold_timeline_container.bold_timeline_container_item_style_filled_header_outline .bold_timeline_item_override_style_inherit.bold_timeline_item .bold_timeline_item_inner .bold_timeline_item_header, .bold_timeline_container .bold_timeline_item_override_style_filled_header_outline.bold_timeline_item .bold_timeline_item_inner .bold_timeline_item_header{background: #425363;}.bold_timeline_container.bold_timeline_container_item_marker_type_dot .bold_timeline_item_override_marker_type_inherit.bold_timeline_item .bold_timeline_item_marker, .bold_timeline_container .bold_timeline_item_override_marker_type_dot.bold_timeline_item .bold_timeline_item_marker{ background: #e9eaea;}.bold_timeline_container.bold_timeline_container_item_marker_type_circle .bold_timeline_item_override_marker_type_inherit.bold_timeline_item .bold_timeline_item_marker, .bold_timeline_container .bold_timeline_item_override_marker_type_circle.bold_timeline_item .bold_timeline_item_marker{ border-color: #e9eaea;}.bold_timeline_container.bold_timeline_container_item_marker_type_circle_small .bold_timeline_item_override_marker_type_inherit.bold_timeline_item .bold_timeline_item_marker, .bold_timeline_container .bold_timeline_item_override_marker_type_circle_small.bold_timeline_item .bold_timeline_item_marker{ border-color: #e9eaea;}.bold_timeline_container.bold_timeline_container_item_connection_type_line .bold_timeline_item_override_connection_type_inherit.bold_timeline_item .bold_timeline_item_connection, .bold_timeline_container .bold_timeline_item_override_connection_type_line.bold_timeline_item .bold_timeline_item_connection{ background: #e9eaea;}.bold_timeline_container_line_position_left.bold_timeline_container.bold_timeline_container_item_connection_type_triangle .bold_timeline_item_override_connection_type_inherit.bold_timeline_item .bold_timeline_item_connection, .bold_timeline_container_line_position_left.bold_timeline_container .bold_timeline_item_override_connection_type_triangle.bold_timeline_item .bold_timeline_item_connection{ border-right-color: #e9eaea;}.bold_timeline_container_line_position_right.bold_timeline_container.bold_timeline_container_item_connection_type_triangle .bold_timeline_item_override_connection_type_inherit.bold_timeline_item .bold_timeline_item_connection, .bold_timeline_container_line_position_right.bold_timeline_container .bold_timeline_item_override_connection_type_triangle.bold_timeline_item .bold_timeline_item_connection{ border-left-color: #e9eaea;}.bold_timeline_container_line_position_top.bold_timeline_container.bold_timeline_container_item_connection_type_triangle .bold_timeline_item_override_connection_type_inherit.bold_timeline_item .bold_timeline_item_connection, .bold_timeline_container_line_position_top.bold_timeline_container .bold_timeline_item_override_connection_type_triangle.bold_timeline_item .bold_timeline_item_connection{ border-right-color: #e9eaea;}.bold_timeline_container_line_position_bottom.bold_timeline_container.bold_timeline_container_item_connection_type_triangle .bold_timeline_item_override_connection_type_inherit.bold_timeline_item .bold_timeline_item_connection, .bold_timeline_container_line_position_bottom.bold_timeline_container .bold_timeline_item_override_connection_type_triangle.bold_timeline_item .bold_timeline_item_connection{ border-right-color: #e9eaea;}.bold_timeline_container_line_position_center.bold_timeline_container.bold_timeline_container_item_connection_type_triangle .bold_timeline_item_override_connection_type_inherit.bold_timeline_item .bold_timeline_item_connection, .bold_timeline_container_line_position_center.bold_timeline_container .bold_timeline_item_override_connection_type_triangle.bold_timeline_item .bold_timeline_item_connection{border-right-color: #e9eaea; border-left-color: #e9eaea;}\"><div class = \"bold_timeline_container_line\"><\/div><div class=\"bold_timeline_container_content\"><div class=\"bold_timeline_group bold_timeline_group_override_style_inherit bold_timeline_group_override_thickness_inherit bold_timeline_group_override_shape_inherit bold_timeline_group_override_content_display_inherit bold_timeline_group_override_title_size_inherit bold_timeline_animate\" id=\"id_69f50bcbca6fe\" data-css-override=\"\"><div class=\"bold_timeline_group_inner\"><div class=\"bold_timeline_group_header\"><div class=\"bold_timeline_group_header_inner\"><h2 class=\"bold_timeline_group_header_title\">2001<\/h2><\/div><\/div><\/div><div class=\"bold_timeline_group_content\"><div class=\"bold_timeline_item bold_timeline_item_override_style_inherit bold_timeline_item_override_shape_inherit bold_timeline_item_override_frame_thickness_inherit bold_timeline_item_override_connection_type_inherit bold_timeline_item_override_content_display_inherit bold_timeline_item_override_animation_move_right bold_timeline_animate bold_timeline_item_override_marker_type_inherit bold_timeline_item_override_icon_position_inherit bold_timeline_item_override_icon_style_inherit bold_timeline_item_override_icon_shape_inherit bold_timeline_item_override_media_position_inherit bold_timeline_item_override_title_size_inherit bold_timeline_item_override_supertitle_style_inherit bold_timeline_item_override_alignment_right bold_timeline_item_override_images_columns_inherit\" id=\"id_69f50bcbca82e\" data-css-override=\"\" data-margin-top=\"0\"><div class = \"bold_timeline_item_marker\"><\/div><div class = \"bold_timeline_item_connection\"><\/div><div class=\"bold_timeline_item_inner\"><div class=\"bold_timeline_item_header\"><div class=\"bold_timeline_item_header_inner\"><h3 class=\"bold_timeline_item_header_title\">2001<\/h3><\/div><\/div><div class=\"bold_timeline_item_content\"><div class=\"bold_timeline_item_content_inner\"><div class=\"bold_timeline_item_text\" id=\"id_69f50bcbca910\"><div class=\"bold_timeline_item_text_inner\"><p class=\"p1\" style=\"text-align: right;\">Pr\u00e1tica isolada da advocacia de Fernando Antas da Cunha<\/p><\/div><\/div><div class=\"bold_timeline_item_separator bold_timeline_item_separator_top_margin_none bold_timeline_item_separator_bottom_margin_normal\" id=\"id_69f50bcbca977\"><div class=\"bold_timeline_item_separator_inner\"><\/div><\/div><\/div><\/div><\/div><\/div><div class=\"bold_timeline_item bold_timeline_item_override_style_inherit bold_timeline_item_override_shape_inherit bold_timeline_item_override_frame_thickness_inherit bold_timeline_item_override_connection_type_inherit bold_timeline_item_override_content_display_inherit bold_timeline_item_override_animation_move_left bold_timeline_animate bold_timeline_item_override_marker_type_inherit bold_timeline_item_override_icon_position_inherit bold_timeline_item_override_icon_style_inherit bold_timeline_item_override_icon_shape_inherit bold_timeline_item_override_media_position_inherit bold_timeline_item_override_title_size_inherit bold_timeline_item_override_supertitle_style_inherit bold_timeline_item_override_alignment_left bold_timeline_item_override_images_columns_inherit\" id=\"id_69f50bcbcaa0d\" data-css-override=\"\" data-margin-top=\"0\"><div class = \"bold_timeline_item_marker\"><\/div><div class = \"bold_timeline_item_connection\"><\/div><div class=\"bold_timeline_item_inner\"><div class=\"bold_timeline_item_header\"><div class=\"bold_timeline_item_header_inner\"><h3 class=\"bold_timeline_item_header_title\">2003<\/h3><\/div><\/div><div class=\"bold_timeline_item_content\"><div class=\"bold_timeline_item_content_inner\"><div class=\"bold_timeline_item_text\" id=\"id_69f50bcbcaa67\"><div class=\"bold_timeline_item_text_inner\"><p class=\"p1\" style=\"text-align: left;\">Fernando Antas da Cunha funda o escrit\u00f3rio Portugal Legal em associa\u00e7\u00e3o com outros advogados<\/p><\/div><\/div><div class=\"bold_timeline_item_separator bold_timeline_item_separator_top_margin_none bold_timeline_item_separator_bottom_margin_normal\" id=\"id_69f50bcbcaad0\"><div class=\"bold_timeline_item_separator_inner\"><\/div><\/div><\/div><\/div><\/div><\/div><div class=\"bold_timeline_item bold_timeline_item_override_style_inherit bold_timeline_item_override_shape_inherit bold_timeline_item_override_frame_thickness_inherit bold_timeline_item_override_connection_type_inherit bold_timeline_item_override_content_display_inherit bold_timeline_item_override_animation_move_right bold_timeline_animate bold_timeline_item_override_marker_type_inherit bold_timeline_item_override_icon_position_inherit bold_timeline_item_override_icon_style_inherit bold_timeline_item_override_icon_shape_inherit bold_timeline_item_override_media_position_inherit bold_timeline_item_override_title_size_inherit bold_timeline_item_override_supertitle_style_inherit bold_timeline_item_override_alignment_right bold_timeline_item_override_images_columns_inherit\" id=\"id_69f50bcbcab48\" data-css-override=\"\" data-margin-top=\"0\"><div class = \"bold_timeline_item_marker\"><\/div><div class = \"bold_timeline_item_connection\"><\/div><div class=\"bold_timeline_item_inner\"><div class=\"bold_timeline_item_header\"><div class=\"bold_timeline_item_header_inner\"><h3 class=\"bold_timeline_item_header_title\">2006<\/h3><\/div><\/div><div class=\"bold_timeline_item_content\"><div class=\"bold_timeline_item_content_inner\"><div class=\"bold_timeline_item_text\" id=\"id_69f50bcbcab9d\"><div class=\"bold_timeline_item_text_inner\"><p class=\"p1\" style=\"text-align: right;\">Juntamente com outro advogado, Fernando Antas da Cunha funda a ACFA- Antas da Cunha, Ferreira &amp; Associados<\/p><\/div><\/div><div class=\"bold_timeline_item_separator bold_timeline_item_separator_top_margin_none bold_timeline_item_separator_bottom_margin_normal\" id=\"id_69f50bcbcabef\"><div class=\"bold_timeline_item_separator_inner\"><\/div><\/div><\/div><\/div><\/div><\/div><div class=\"bold_timeline_item bold_timeline_item_override_style_inherit bold_timeline_item_override_shape_inherit bold_timeline_item_override_frame_thickness_inherit bold_timeline_item_override_connection_type_inherit bold_timeline_item_override_content_display_inherit bold_timeline_item_override_animation_move_left bold_timeline_animate bold_timeline_item_override_marker_type_inherit bold_timeline_item_override_icon_position_inherit bold_timeline_item_override_icon_style_inherit bold_timeline_item_override_icon_shape_inherit bold_timeline_item_override_media_position_inherit bold_timeline_item_override_title_size_inherit bold_timeline_item_override_supertitle_style_inherit bold_timeline_item_override_alignment_left bold_timeline_item_override_images_columns_inherit\" id=\"id_69f50bcbcac64\" data-css-override=\"\" data-margin-top=\"0\"><div class = \"bold_timeline_item_marker\"><\/div><div class = \"bold_timeline_item_connection\"><\/div><div class=\"bold_timeline_item_inner\"><div class=\"bold_timeline_item_header\"><div class=\"bold_timeline_item_header_inner\"><h3 class=\"bold_timeline_item_header_title\">2010<\/h3><\/div><\/div><div class=\"bold_timeline_item_content\"><div class=\"bold_timeline_item_content_inner\"><div class=\"bold_timeline_item_text\" id=\"id_69f50bcbcacdb\"><div class=\"bold_timeline_item_text_inner\"><p class=\"p1\">A sociedade ACFA- Antas da Cunha, Ferreira &amp; Associados \u00e9 galardoada com o pr\u00e9mio \u201cJoint Venture Advisory Firm of the Year\u201d pela publica\u00e7\u00e3o brit\u00e2nica Corporate Intl<\/p><\/div><\/div><div class=\"bold_timeline_item_separator bold_timeline_item_separator_top_margin_none bold_timeline_item_separator_bottom_margin_normal\" id=\"id_69f50bcbcad2e\"><div class=\"bold_timeline_item_separator_inner\"><\/div><\/div><\/div><\/div><\/div><\/div><div class=\"bold_timeline_item bold_timeline_item_override_style_inherit bold_timeline_item_override_shape_inherit bold_timeline_item_override_frame_thickness_inherit bold_timeline_item_override_connection_type_inherit bold_timeline_item_override_content_display_inherit bold_timeline_item_override_animation_move_right bold_timeline_animate bold_timeline_item_override_marker_type_inherit bold_timeline_item_override_icon_position_inherit bold_timeline_item_override_icon_style_inherit bold_timeline_item_override_icon_shape_inherit bold_timeline_item_override_media_position_inherit bold_timeline_item_override_title_size_inherit bold_timeline_item_override_supertitle_style_inherit bold_timeline_item_override_alignment_right bold_timeline_item_override_images_columns_inherit\" id=\"id_69f50bcbcada6\" data-css-override=\"\" data-margin-top=\"0\"><div class = \"bold_timeline_item_marker\"><\/div><div class = \"bold_timeline_item_connection\"><\/div><div class=\"bold_timeline_item_inner\"><div class=\"bold_timeline_item_header\"><div class=\"bold_timeline_item_header_inner\"><h3 class=\"bold_timeline_item_header_title\">2011<\/h3><\/div><\/div><div class=\"bold_timeline_item_content\"><div class=\"bold_timeline_item_content_inner\"><div class=\"bold_timeline_item_text\" id=\"id_69f50bcbcae08\"><div class=\"bold_timeline_item_text_inner\"><p class=\"p1\" style=\"text-align: right;\">A sociedade ACFA- Antas da Cunha, Ferreira &amp; Associados \u00e9 galardoada com o pr\u00e9mio \u201cCorporate Law Firm of the Year in Portugal\u201d pela publica\u00e7\u00e3o brit\u00e2nica Corporate Intl<\/p><\/div><\/div><div class=\"bold_timeline_item_separator bold_timeline_item_separator_top_margin_none bold_timeline_item_separator_bottom_margin_normal\" id=\"id_69f50bcbcae59\"><div class=\"bold_timeline_item_separator_inner\"><\/div><\/div><\/div><\/div><\/div><\/div><div class=\"bold_timeline_item bold_timeline_item_override_style_inherit bold_timeline_item_override_shape_inherit bold_timeline_item_override_frame_thickness_inherit bold_timeline_item_override_connection_type_inherit bold_timeline_item_override_content_display_inherit bold_timeline_item_override_animation_move_left bold_timeline_animate bold_timeline_item_override_marker_type_inherit bold_timeline_item_override_icon_position_inherit bold_timeline_item_override_icon_style_inherit bold_timeline_item_override_icon_shape_inherit bold_timeline_item_override_media_position_inherit bold_timeline_item_override_title_size_inherit bold_timeline_item_override_supertitle_style_inherit bold_timeline_item_override_alignment_left bold_timeline_item_override_images_columns_inherit\" id=\"id_69f50bcbcaee3\" data-css-override=\"\" data-margin-top=\"0\"><div class = \"bold_timeline_item_marker\"><\/div><div class = \"bold_timeline_item_connection\"><\/div><div class=\"bold_timeline_item_inner\"><div class=\"bold_timeline_item_header\"><div class=\"bold_timeline_item_header_inner\"><h3 class=\"bold_timeline_item_header_title\">2012<\/h3><\/div><\/div><div class=\"bold_timeline_item_content\"><div class=\"bold_timeline_item_content_inner\"><div class=\"bold_timeline_item_text\" id=\"id_69f50bcbcaf35\"><div class=\"bold_timeline_item_text_inner\"><p class=\"p1\">A sociedade ACFA- Antas da Cunha, Ferreira &amp; Associados \u00e9 eleita \u201cCorporate and Commercial Law Firm of the Year\u201d pela revista Lawyer Monthly Magazine<\/p><\/div><\/div><div class=\"bold_timeline_item_separator bold_timeline_item_separator_top_margin_none bold_timeline_item_separator_bottom_margin_normal\" id=\"id_69f50bcbcaf83\"><div class=\"bold_timeline_item_separator_inner\"><\/div><\/div><\/div><\/div><\/div><\/div><div class=\"bold_timeline_item bold_timeline_item_override_style_inherit bold_timeline_item_override_shape_inherit bold_timeline_item_override_frame_thickness_inherit bold_timeline_item_override_connection_type_inherit bold_timeline_item_override_content_display_inherit bold_timeline_item_override_animation_move_right bold_timeline_animate bold_timeline_item_override_marker_type_inherit bold_timeline_item_override_icon_position_inherit bold_timeline_item_override_icon_style_inherit bold_timeline_item_override_icon_shape_inherit bold_timeline_item_override_media_position_inherit bold_timeline_item_override_title_size_inherit bold_timeline_item_override_supertitle_style_inherit bold_timeline_item_override_alignment_right bold_timeline_item_override_images_columns_inherit\" id=\"id_69f50bcbcaff5\" data-css-override=\"\" data-margin-top=\"0\"><div class = \"bold_timeline_item_marker\"><\/div><div class = \"bold_timeline_item_connection\"><\/div><div class=\"bold_timeline_item_inner\"><div class=\"bold_timeline_item_header\"><div class=\"bold_timeline_item_header_inner\"><h3 class=\"bold_timeline_item_header_title\">2013<\/h3><\/div><\/div><div class=\"bold_timeline_item_content\"><div class=\"bold_timeline_item_content_inner\"><div class=\"bold_timeline_item_text\" id=\"id_69f50bcbcb045\"><div class=\"bold_timeline_item_text_inner\"><p class=\"p1\" style=\"text-align: right;\">A sociedade ACFA- Antas da Cunha, Ferreira &amp; Associados \u00e9 eleita \u201cSmall Law Firm of the Year\u201d na edi\u00e7\u00e3o de 2013 dos Global Awards da publica\u00e7\u00e3o internacional DealMakers<\/p><\/div><\/div><div class=\"bold_timeline_item_separator bold_timeline_item_separator_top_margin_none bold_timeline_item_separator_bottom_margin_normal\" id=\"id_69f50bcbcb090\"><div class=\"bold_timeline_item_separator_inner\"><\/div><\/div><\/div><\/div><\/div><\/div><div class=\"bold_timeline_item bold_timeline_item_override_style_inherit bold_timeline_item_override_shape_inherit bold_timeline_item_override_frame_thickness_inherit bold_timeline_item_override_connection_type_inherit bold_timeline_item_override_content_display_inherit bold_timeline_item_override_animation_move_left bold_timeline_animate bold_timeline_item_override_marker_type_inherit bold_timeline_item_override_icon_position_inherit bold_timeline_item_override_icon_style_inherit bold_timeline_item_override_icon_shape_inherit bold_timeline_item_override_media_position_inherit bold_timeline_item_override_title_size_inherit bold_timeline_item_override_supertitle_style_inherit bold_timeline_item_override_alignment_left bold_timeline_item_override_images_columns_inherit\" id=\"id_69f50bcbcb101\" data-css-override=\"\" data-margin-top=\"0\"><div class = \"bold_timeline_item_marker\"><\/div><div class = \"bold_timeline_item_connection\"><\/div><div class=\"bold_timeline_item_inner\"><div class=\"bold_timeline_item_header\"><div class=\"bold_timeline_item_header_inner\"><h3 class=\"bold_timeline_item_header_title\">2014<\/h3><\/div><\/div><div class=\"bold_timeline_item_content\"><div class=\"bold_timeline_item_content_inner\"><div class=\"bold_timeline_item_text\" id=\"id_69f50bcbcb152\"><div class=\"bold_timeline_item_text_inner\"><p class=\"p1\">A sociedade ACFA- Antas da Cunha, Ferreira &amp; Associados \u00e9 galardoada com o pr\u00e9mio \u201cLabour Law Firm of the Year\u201d pela publica\u00e7\u00e3o brit\u00e2nica Corporate Intl<\/p><p>\u00a0<\/p><p class=\"p1\">Integra\u00e7\u00e3o da equipa numa das 5 maiores sociedades de advogados Portuguesa, Miranda, Correia e Amendoeira, Sociedade de Advogados R.L. com o objectivo de desenvolver o grupo de jurisdi\u00e7\u00e3o de Portugal<\/p><\/div><\/div><div class=\"bold_timeline_item_separator bold_timeline_item_separator_top_margin_none bold_timeline_item_separator_bottom_margin_normal\" id=\"id_69f50bcbcb1b1\"><div class=\"bold_timeline_item_separator_inner\"><\/div><\/div><\/div><\/div><\/div><\/div><div class=\"bold_timeline_item bold_timeline_item_override_style_inherit bold_timeline_item_override_shape_inherit bold_timeline_item_override_frame_thickness_inherit bold_timeline_item_override_connection_type_inherit bold_timeline_item_override_content_display_inherit bold_timeline_item_override_animation_move_right bold_timeline_animate bold_timeline_item_override_marker_type_inherit bold_timeline_item_override_icon_position_inherit bold_timeline_item_override_icon_style_inherit bold_timeline_item_override_icon_shape_inherit bold_timeline_item_override_media_position_inherit bold_timeline_item_override_title_size_inherit bold_timeline_item_override_supertitle_style_inherit bold_timeline_item_override_alignment_right bold_timeline_item_override_images_columns_inherit\" id=\"id_69f50bcbcb22e\" data-css-override=\"\" data-margin-top=\"0\"><div class = \"bold_timeline_item_marker\"><\/div><div class = \"bold_timeline_item_connection\"><\/div><div class=\"bold_timeline_item_inner\"><div class=\"bold_timeline_item_header\"><div class=\"bold_timeline_item_header_inner\"><h3 class=\"bold_timeline_item_header_title\">2015<\/h3><\/div><\/div><div class=\"bold_timeline_item_content\"><div class=\"bold_timeline_item_content_inner\"><div class=\"bold_timeline_item_text\" id=\"id_69f50bcbcb295\"><div class=\"bold_timeline_item_text_inner\"><p class=\"p1\" style=\"text-align: right;\">Constitui\u00e7\u00e3o da Antas da Cunha &amp; Associados<\/p><\/div><\/div><div class=\"bold_timeline_item_separator bold_timeline_item_separator_top_margin_none bold_timeline_item_separator_bottom_margin_normal\" id=\"id_69f50bcbcb2e4\"><div class=\"bold_timeline_item_separator_inner\"><\/div><\/div><\/div><\/div><\/div><\/div><div class=\"bold_timeline_item bold_timeline_item_override_style_inherit bold_timeline_item_override_shape_inherit bold_timeline_item_override_frame_thickness_inherit bold_timeline_item_override_connection_type_line bold_timeline_item_override_content_display_inherit bold_timeline_item_override_animation_move_left bold_timeline_animate bold_timeline_item_override_marker_type_dot bold_timeline_item_override_icon_position_inherit bold_timeline_item_override_icon_style_inherit bold_timeline_item_override_icon_shape_inherit bold_timeline_item_override_media_position_inherit bold_timeline_item_override_title_size_inherit bold_timeline_item_override_supertitle_style_inherit bold_timeline_item_override_alignment_left bold_timeline_item_override_images_columns_inherit\" id=\"id_69f50bcbcb356\" data-css-override=\"\" data-margin-top=\"0\"><div class = \"bold_timeline_item_marker\"><\/div><div class = \"bold_timeline_item_connection\"><\/div><div class=\"bold_timeline_item_inner\"><div class=\"bold_timeline_item_header\"><div class=\"bold_timeline_item_header_inner\"><h3 class=\"bold_timeline_item_header_title\">2017<\/h3><\/div><\/div><div class=\"bold_timeline_item_content\"><div class=\"bold_timeline_item_content_inner\"><div class=\"bold_timeline_item_text\" id=\"id_69f50bcbcb3a5\"><div class=\"bold_timeline_item_text_inner\"><p class=\"p1\" style=\"text-align: right;\">Fus\u00e3o com a Sociedade de Advogados Espanhola Ecija<\/p><\/div><\/div><div class=\"bold_timeline_item_separator bold_timeline_item_separator_top_margin_none bold_timeline_item_separator_bottom_margin_normal\" id=\"id_69f50bcbcb3ef\"><div class=\"bold_timeline_item_separator_inner\"><\/div><\/div><\/div><\/div><\/div><\/div><div class=\"bold_timeline_item bold_timeline_item_override_style_inherit bold_timeline_item_override_shape_inherit bold_timeline_item_override_frame_thickness_inherit bold_timeline_item_override_connection_type_line bold_timeline_item_override_content_display_inherit bold_timeline_item_override_animation_inherit bold_timeline_animate bold_timeline_item_override_marker_type_dot bold_timeline_item_override_icon_position_inherit bold_timeline_item_override_icon_style_inherit bold_timeline_item_override_icon_shape_inherit bold_timeline_item_override_media_position_inherit bold_timeline_item_override_title_size_inherit bold_timeline_item_override_supertitle_style_inherit bold_timeline_item_override_alignment_right bold_timeline_item_override_images_columns_inherit\" id=\"id_69f50bcbcb45d\" data-css-override=\"\" data-margin-top=\"0\"><div class = \"bold_timeline_item_marker\"><\/div><div class = \"bold_timeline_item_connection\"><\/div><div class=\"bold_timeline_item_inner\"><div class=\"bold_timeline_item_header\"><div class=\"bold_timeline_item_header_inner\"><h3 class=\"bold_timeline_item_header_title\">2018<\/h3><\/div><\/div><div class=\"bold_timeline_item_content\"><div class=\"bold_timeline_item_content_inner\"><div class=\"bold_timeline_item_text\" id=\"id_69f50bcbcb4aa\"><div class=\"bold_timeline_item_text_inner\"><p class=\"p1\" style=\"text-align: right;\">Abertura do escrit\u00f3rio do Porto<\/p><\/div><\/div><div class=\"bold_timeline_item_separator bold_timeline_item_separator_top_margin_none bold_timeline_item_separator_bottom_margin_normal\" id=\"id_69f50bcbcb4f3\"><div class=\"bold_timeline_item_separator_inner\"><\/div><\/div><\/div><\/div><\/div><\/div><div class=\"bold_timeline_item bold_timeline_item_override_style_inherit bold_timeline_item_override_shape_inherit bold_timeline_item_override_frame_thickness_inherit bold_timeline_item_override_connection_type_line bold_timeline_item_override_content_display_inherit bold_timeline_item_override_animation_move_left bold_timeline_animate bold_timeline_item_override_marker_type_dot bold_timeline_item_override_icon_position_inherit bold_timeline_item_override_icon_style_inherit bold_timeline_item_override_icon_shape_inherit bold_timeline_item_override_media_position_inherit bold_timeline_item_override_title_size_inherit bold_timeline_item_override_supertitle_style_inherit bold_timeline_item_override_alignment_left bold_timeline_item_override_images_columns_inherit\" id=\"id_69f50bcbcb561\" data-css-override=\"\" data-margin-top=\"0\"><div class = \"bold_timeline_item_marker\"><\/div><div class = \"bold_timeline_item_connection\"><\/div><div class=\"bold_timeline_item_inner\"><div class=\"bold_timeline_item_header\"><div class=\"bold_timeline_item_header_inner\"><h3 class=\"bold_timeline_item_header_title\">2019<\/h3><\/div><\/div><div class=\"bold_timeline_item_content\"><div class=\"bold_timeline_item_content_inner\"><div class=\"bold_timeline_item_text\" id=\"id_69f50bcbcb5bd\"><div class=\"bold_timeline_item_text_inner\"><p class=\"p1\" style=\"text-align: right;\">Fus\u00e3o com Vieira Law. Abertura do escrit\u00f3rio de Braga.<\/p><\/div><\/div><div class=\"bold_timeline_item_separator bold_timeline_item_separator_top_margin_none bold_timeline_item_separator_bottom_margin_normal\" id=\"id_69f50bcbcb608\"><div class=\"bold_timeline_item_separator_inner\"><\/div><\/div><\/div><\/div><\/div><\/div><\/div><div class=\"bold_timeline_group_show_button\"><div class=\"bold_timeline_group_show_button_inner\"><div class=\"bold_timeline_item_button bold_timeline_group_button bold_timeline_item_button_style_inherit bold_timeline_item_button_shape_inherit bold_timeline_item_button_width_block bold_timeline_item_button_size_inline\" id=\"id_69f50bcbcb86d\" data-css-override=\"\"><div class=\"bold_timeline_item_button_inner\"><a href=\"#\" alt=Expand class=\"bold_timeline_item_button_innet_text\">Expand<\/a><\/div><\/div><\/div><\/div><\/div><div class=\"bold_timeline_group line-2017-home bold_timeline_group_override_style_inherit bold_timeline_group_override_thickness_inherit bold_timeline_group_override_shape_square bold_timeline_group_override_content_display_inherit bold_timeline_group_override_title_size_inherit bold_timeline_animate\" id=\"id_69f50bcbcb9c8\" data-css-override=\"\"><div class=\"bold_timeline_group_inner\"><div class=\"bold_timeline_group_header\"><div class=\"bold_timeline_group_header_inner\"><h3 class=\"bold_timeline_group_header_title\">2021<\/h3><\/div><\/div><\/div><div class=\"bold_timeline_group_content\"><div class=\"bold_timeline_item bold_timeline_item_override_style_inherit bold_timeline_item_override_shape_inherit bold_timeline_item_override_frame_thickness_inherit bold_timeline_item_override_connection_type_line bold_timeline_item_override_content_display_inherit bold_timeline_item_override_animation_inherit bold_timeline_animate bold_timeline_item_override_marker_type_dot bold_timeline_item_override_icon_position_inherit bold_timeline_item_override_icon_style_inherit bold_timeline_item_override_icon_shape_inherit bold_timeline_item_override_media_position_inherit bold_timeline_item_override_title_size_inherit bold_timeline_item_override_supertitle_style_inherit bold_timeline_item_override_alignment_right bold_timeline_item_override_images_columns_inherit\" id=\"id_timeline-2019-line_69f50bcbcba67\" data-css-override=\".bold_timeline_container.bold_timeline_container_item_supertitle_style_sticker .bold_timeline_item_override_supertitle_style_inherit.bold_timeline_item .bold_timeline_item_header .bold_timeline_item_header_supertitle .bold_timeline_item_header_supertitle_inner, .bold_timeline_container .bold_timeline_item_override_supertitle_style_sticker.bold_timeline_item .bold_timeline_item_header .bold_timeline_item_header_supertitle .bold_timeline_item_header_supertitle_inner{background: #314251;}.bold_timeline_container.bold_timeline_container_item_marker_type_dot .bold_timeline_item_override_marker_type_inherit.bold_timeline_item .bold_timeline_item_marker, .bold_timeline_container .bold_timeline_item_override_marker_type_dot.bold_timeline_item .bold_timeline_item_marker{ background: #314251;}.bold_timeline_container.bold_timeline_container_item_marker_type_circle .bold_timeline_item_override_marker_type_inherit.bold_timeline_item .bold_timeline_item_marker, .bold_timeline_container .bold_timeline_item_override_marker_type_circle.bold_timeline_item .bold_timeline_item_marker{ border-color: #314251;}.bold_timeline_container.bold_timeline_container_item_marker_type_circle_small .bold_timeline_item_override_marker_type_inherit.bold_timeline_item .bold_timeline_item_marker, .bold_timeline_container .bold_timeline_item_override_marker_type_circle_small.bold_timeline_item .bold_timeline_item_marker{ border-color: #314251;}.bold_timeline_container.bold_timeline_container_item_connection_type_line .bold_timeline_item_override_connection_type_inherit.bold_timeline_item .bold_timeline_item_connection, .bold_timeline_container .bold_timeline_item_override_connection_type_line.bold_timeline_item .bold_timeline_item_connection{ background: #314251;}.bold_timeline_container_line_position_left.bold_timeline_container.bold_timeline_container_item_connection_type_triangle .bold_timeline_item_override_connection_type_inherit.bold_timeline_item .bold_timeline_item_connection, .bold_timeline_container_line_position_left.bold_timeline_container .bold_timeline_item_override_connection_type_triangle.bold_timeline_item .bold_timeline_item_connection{ border-right-color: #314251;}.bold_timeline_container_line_position_right.bold_timeline_container.bold_timeline_container_item_connection_type_triangle .bold_timeline_item_override_connection_type_inherit.bold_timeline_item .bold_timeline_item_connection, .bold_timeline_container_line_position_right.bold_timeline_container .bold_timeline_item_override_connection_type_triangle.bold_timeline_item .bold_timeline_item_connection{ border-left-color: #314251;}.bold_timeline_container_line_position_top.bold_timeline_container.bold_timeline_container_item_connection_type_triangle .bold_timeline_item_override_connection_type_inherit.bold_timeline_item .bold_timeline_item_connection, .bold_timeline_container_line_position_top.bold_timeline_container .bold_timeline_item_override_connection_type_triangle.bold_timeline_item .bold_timeline_item_connection{ border-right-color: #314251;}.bold_timeline_container_line_position_bottom.bold_timeline_container.bold_timeline_container_item_connection_type_triangle .bold_timeline_item_override_connection_type_inherit.bold_timeline_item .bold_timeline_item_connection, .bold_timeline_container_line_position_bottom.bold_timeline_container .bold_timeline_item_override_connection_type_triangle.bold_timeline_item .bold_timeline_item_connection{ border-right-color: #314251;}.bold_timeline_container_line_position_center.bold_timeline_container.bold_timeline_container_item_connection_type_triangle .bold_timeline_item_override_connection_type_inherit.bold_timeline_item .bold_timeline_item_connection, .bold_timeline_container_line_position_center.bold_timeline_container .bold_timeline_item_override_connection_type_triangle.bold_timeline_item .bold_timeline_item_connection{border-right-color: #314251; border-left-color: #314251;}.bold_timeline_container_item_icon_style_outline.bold_timeline_container.bold_timeline_container_item_frame_thickness_thin .bold_timeline_item_override_frame_thickness_inherit.bold_timeline_item .bold_timeline_item_icon, .bold_timeline_container.bold_timeline_container_item_frame_thickness_thin .bold_timeline_item_override_frame_thickness_inherit.bold_timeline_item.bold_timeline_container_item_override_icon_style_outline .bold_timeline_item_icon, .bold_timeline_container_item_icon_style_outline.bold_timeline_container .bold_timeline_item_override_frame_thickness_thin.bold_timeline_item .bold_timeline_item_icon, .bold_timeline_container .bold_timeline_item_override_frame_thickness_thin.bold_timeline_item.bold_timeline_container_item_override_icon_style_outline .bold_timeline_item_icon{-webkit-box-shadow: 0 0 0 1px #314251; box-shadow: 0 0 0 1px #314251;}.bold_timeline_container_item_icon_style_outline.bold_timeline_container_item_frame_thickness_normal .bold_timeline_item_override_frame_thickness_inherit.bold_timeline_item .bold_timeline_item_icon, .bold_timeline_container_item_frame_thickness_normal .bold_timeline_item_override_frame_thickness_inherit.bold_timeline_item.bold_timeline_container_item_override_icon_style_outline .bold_timeline_item_icon, .bold_timeline_container_item_icon_style_outline.bold_timeline_container .bold_timeline_item_override_frame_thickness_normal.bold_timeline_item .bold_timeline_item_icon, .bold_timeline_container .bold_timeline_item_override_frame_thickness_normal.bold_timeline_item.bold_timeline_container_item_override_icon_style_outline .bold_timeline_item_icon{-webkit-box-shadow: 0 0 0 2px #314251; box-shadow: 0 0 0 2px #314251;}.bold_timeline_container_item_icon_style_outline.bold_timeline_container.bold_timeline_container_item_frame_thickness_thick .bold_timeline_item_override_frame_thickness_inherit.bold_timeline_item .bold_timeline_item_icon, .bold_timeline_container.bold_timeline_container_item_frame_thickness_thick .bold_timeline_item_override_frame_thickness_inherit.bold_timeline_item.bold_timeline_container_item_override_icon_style_outline .bold_timeline_item_icon, .bold_timeline_container_item_icon_style_outline.bold_timeline_container .bold_timeline_item_override_frame_thickness_thick.bold_timeline_item .bold_timeline_item_icon, .bold_timeline_container .bold_timeline_item_override_frame_thickness_thick.bold_timeline_item.bold_timeline_container_item_override_icon_style_outline .bold_timeline_item_icon{-webkit-box-shadow: 0 0 0 4px #314251; box-shadow: 0 0 0 4px #314251;}.bold_timeline_container.bold_timeline_container_item_icon_style_filled .bold_timeline_item_override_icon_style_inherit.bold_timeline_item .bold_timeline_item_icon, .bold_timeline_container .bold_timeline_item_override_icon_style_filled.bold_timeline_item .bold_timeline_item_icon{background: #314251;}.bold_timeline_container.bold_timeline_container_item_icon_style_outline .bold_timeline_item_override_icon_style_inherit.bold_timeline_item .bold_timeline_item_icon, .bold_timeline_container .bold_timeline_item_override_icon_style_outline.bold_timeline_item .bold_timeline_item_icon{ -webkit-box-shadow: 0 0 0 2px #314251; box-shadow: 0 0 0 2px #314251; color: #314251;}.bold_timeline_container.bold_timeline_container_item_icon_style_shadow .bold_timeline_item_override_icon_style_inherit.bold_timeline_item .bold_timeline_item_icon, .bold_timeline_container .bold_timeline_item_override_icon_style_shadow.bold_timeline_item .bold_timeline_item_icon{ color: #314251;}\" data-margin-top=\"0\"><div class = \"bold_timeline_item_marker\"><\/div><div class = \"bold_timeline_item_connection\"><\/div><div class=\"bold_timeline_item_inner\"><div class=\"bold_timeline_item_header\"><div class=\"bold_timeline_item_header_inner\"><h3 class=\"bold_timeline_item_header_title\">2021<\/h3><\/div><\/div><div class=\"bold_timeline_item_content\"><div class=\"bold_timeline_item_content_inner\"><div class=\"bold_timeline_item_text\" id=\"id_69f50bcbcbc74\"><div class=\"bold_timeline_item_text_inner\"><p class=\"p1\" style=\"text-align: right;\">Fus\u00e3o com Jorge Carneiro &amp; Associados<\/p><\/div><\/div><div class=\"bold_timeline_item_separator bold_timeline_item_separator_top_margin_none bold_timeline_item_separator_bottom_margin_normal\" id=\"id_69f50bcbcbcd5\"><div class=\"bold_timeline_item_separator_inner\"><\/div><\/div><\/div><\/div><\/div><\/div><\/div><div class=\"bold_timeline_group_show_button\"><div class=\"bold_timeline_group_show_button_inner\"><div class=\"bold_timeline_item_button bold_timeline_group_button bold_timeline_item_button_style_inherit bold_timeline_item_button_shape_inherit bold_timeline_item_button_width_block bold_timeline_item_button_size_inline\" id=\"id_69f50bcbcbdb2\" data-css-override=\"\"><div class=\"bold_timeline_item_button_inner\"><a href=\"#\" alt=Expand class=\"bold_timeline_item_button_innet_text\">Expand<\/a><\/div><\/div><\/div><\/div><\/div><\/div><\/div><\/div><\/div><\/div><\/div><\/div><\/div><\/div><!-- cell_inner --><\/div><!-- cell --><\/div><!-- port --><\/section><section id=\"bt_bb_section69f50bcbcc2f1\" class=\"bt_bb_section bt_bb_layout_boxed_1200 bt_bb_vertical_align_top\" style=\"background-color: #ffffff; position: relative; top: -318px; height: 1200px;;background-color:#ffffff;\" data-bt-override-class=\"null\"><div class=\"bt_bb_port\"><div class=\"bt_bb_cell\"><div class=\"bt_bb_cell_inner\"><div class=\"bt_bb_row_wrapper\"><div  class=\"bt_bb_row bt_bb_layout_special\"  data-bt-override-class=\"{}\"><div  class=\"bt_bb_column col-xl-12 bt_bb_align_left bt_bb_padding_normal\"  data-width=\"12\" data-bt-override-class=\"{}\"><div class=\"bt_bb_column_content bt_bb_vertical_align_top bt_bb_color_scheme_\"><div class=\"bt_bb_column_content_inner\"><div class=\"bt_bb_separator bt_bb_border_style_none bt_bb_top_spacing_100 bt_bb_bottom_spacing_100\" data-bt-override-class=\"null\"><\/div><div class=\"bt_bb_separator bt_bb_border_style_none bt_bb_top_spacing_100 bt_bb_bottom_spacing_100\" data-bt-override-class=\"null\"><\/div><div class=\"bt_bb_separator bt_bb_border_style_none bt_bb_top_spacing_40 bt_bb_bottom_spacing_40\" data-bt-override-class=\"null\"><\/div><div class=\"bt_bb_separator bt_bb_border_style_none bt_bb_top_spacing_40 bt_bb_bottom_spacing_40\" data-bt-override-class=\"null\"><\/div><div  class=\"bt_bb_text\" ><p><img loading=\"lazy\" decoding=\"async\" class=\"size-medium wp-image-4332 aligncenter\" src=\"http:\/\/adcecija.pt\/wp-content\/uploads\/2020\/07\/WE-EMPOWER-YOU-640x82.png\" alt=\"\" width=\"640\" height=\"82\" srcset=\"https:\/\/adcecija.pt\/wp-content\/uploads\/2020\/07\/WE-EMPOWER-YOU-640x82.png 640w, https:\/\/adcecija.pt\/wp-content\/uploads\/2020\/07\/WE-EMPOWER-YOU-1280x163.png 1280w, https:\/\/adcecija.pt\/wp-content\/uploads\/2020\/07\/WE-EMPOWER-YOU-768x98.png 768w, https:\/\/adcecija.pt\/wp-content\/uploads\/2020\/07\/WE-EMPOWER-YOU-1536x196.png 1536w, https:\/\/adcecija.pt\/wp-content\/uploads\/2020\/07\/WE-EMPOWER-YOU-2048x261.png 2048w, https:\/\/adcecija.pt\/wp-content\/uploads\/2020\/07\/WE-EMPOWER-YOU-320x41.png 320w\" sizes=\"auto, (max-width: 640px) 100vw, 640px\" \/><\/p>\n<\/div><div class=\"bt_bb_separator bt_bb_border_style_none bt_bb_top_spacing_100\" data-bt-override-class=\"null\"><\/div><header class=\"bt_bb_headline bt_bb_dash_gray bt_bb_size_inherit bt_bb_align_center\" data-bt-override-class=\"{}\"><h1 class=\"bt_bb_headline_tag\"><span class=\"bt_bb_headline_content\"><span> <\/span><\/span><\/h1><\/header><div  class=\"bt_bb_text\" style=\"position: sticky; z-index:1;\"><h4 style=\"text-align: center; font-family: Roboto;\"><span style=\"font-weight: normal;\">A<\/span> <strong><span style=\"color: #dd2521;\">Antas da Cunha<\/span><\/strong> <span style=\"font-weight: normal;\">&amp; Associados<\/span><\/h4>\n<\/div><div class=\"bt_bb_separator bt_bb_border_style_none bt_bb_top_spacing_100\" data-bt-override-class=\"null\"><\/div><div  class=\"bt_bb_text\" style=\"position: sticky; z-index:1;\"><p class=\"p1\" style=\"text-align: center;\">Nasce na sequ\u00eancia dos seus s\u00f3cios fundadores terem percebido a necessidade e a oportunidade de darem in\u00edcio a um projeto \u00edmpar e revolucion\u00e1rio no mercado das sociedades de advogados em Portugal. O projeto da Antas da Cunha &amp; Associados assenta numa perspetiva de crescimento sustentado feito \u00e0 exata medida das necessidades que sentimos e que nos s\u00e3o transmitidas pelos nossos Clientes.<\/p>\n<p class=\"p1\" style=\"text-align: center;\">Uma das caracter\u00edsticas que estiveram na origem da sociedade foi a forte componente acad\u00e9mica da equipa da Antas das Cunha &amp; Associados e de dois dos seus fundadores. Mais de dez anos de experi\u00eancia de doc\u00eancia universit\u00e1ria correspondem a um aprofundar de conhecimento do direito substantivo que veio permitir a consolida\u00e7\u00e3o de todo o conhecimento para a resolu\u00e7\u00e3o dos problemas de modo pr\u00e1tico e eficiente.<\/p>\n<p class=\"p1\" style=\"text-align: center;\">N\u00e3o obstante, temos a consci\u00eancia da permanente necessidade de inovar de forma a que possamos, cada vez mais, enquadrarmo-nos naquilo que s\u00e3o as exig\u00eancias dos nossos clientes e da din\u00e2mica do mercado.<\/p>\n<p class=\"p1\" style=\"text-align: center;\">A equipa da Antas da Cunha &amp; Associados tem uma experi\u00eancia diversificada no espectro da advocacia portuguesa, passando pela pr\u00e1tica individual ou a integra\u00e7\u00e3o numa das maiores sociedades de advogados, permitindo uma vis\u00e3o global do mercado e das necessidades dos seus clientes.<\/p>\n<p class=\"p1\" style=\"text-align: center;\">Deste modo, os alicerces da cultura da Antas da Cunha &amp; Associados est\u00e3o sustentados no foco no cliente e na presta\u00e7\u00e3o de servi\u00e7os jur\u00eddicos de excel\u00eancia, assentes numa equipa jovem, din\u00e2mica e que trabalha junta h\u00e1 cerca de 10 anos. Uma d\u00e9cada a pensar em si!<\/p>\n<p class=\"p1\" style=\"text-align: center;\">Valores como a independ\u00eancia, o rigor, o superar a expectativa dos nossos clientes atrav\u00e9s da obten\u00e7\u00e3o de resultados, a procura de solu\u00e7\u00f5es inovadoras, o estar ao lado do Cliente no seu dia-a-dia, guiar o cliente na busca da melhor solu\u00e7\u00e3o, t\u00eam sido reconhecidos pelos mesmos, bem como por v\u00e1rios opinion leaders nacionais e internacionais, os quais t\u00eam vindo a distinguir os membros da equipa nas \u00e1reas em que atua.<\/p>\n<p class=\"p1\" style=\"text-align: center;\">A Ecija \u00e9 considerada por v\u00e1rios diret\u00f3rios internacionais como a melhor sociedade de advogados em Espanha nas \u00e1reas de TMT (Technology, Media &amp; Telecom), consistindo a fus\u00e3o operada em 2017 como um marco e uma aposta da Antas da Cunha &amp; Associados nas \u00e1reas em que a Ecija \u00e9 l\u00edder e que s\u00e3o incontorn\u00e1veis e absolutamente cr\u00edticas na vida das empresas no dia-a-dia.<\/p>\n<\/div><\/div><\/div><\/div><\/div><\/div><\/div><!-- cell_inner --><\/div><!-- cell --><\/div><!-- port --><\/section><section id=\"session-tab-sociedade\" class=\"bt_bb_section bt_bb_layout_boxed_1200 bt_bb_vertical_align_top\" style=\"background: #e9eaec; padding-bottom: 153px;\" data-bt-override-class=\"null\"><div class=\"bt_bb_port\"><div class=\"bt_bb_cell\"><div class=\"bt_bb_cell_inner\"><div class=\"bt_bb_row_wrapper\"><div  class=\"bt_bb_row\"  data-bt-override-class=\"{}\"><div  class=\"bt_bb_column col-xl-12 bt_bb_align_left bt_bb_padding_normal\"  data-width=\"12\" data-bt-override-class=\"{}\"><div class=\"bt_bb_column_content bt_bb_vertical_align_top bt_bb_color_scheme_\"><div class=\"bt_bb_column_content_inner\"><div id=\"tab-sociedade\" class=\"bt_bb_tabs TabsSection bt_bb_color_scheme_13 bt_bb_style_filled bt_bb_shape_square\" style=\"; --tabs-primary-color:#e53d2f; --tabs-secondary-color:#425363;\" data-bt-override-class=\"{}\"><ul class=\"bt_bb_tabs_header\"><li><span>VALORES<\/span><\/li><li><span>PR\u00c9MIOS<\/span><\/li><li><span>PRESEN\u00c7A INTERNACIONAL<\/span><\/li><\/ul><div class=\"bt_bb_tabs_tabs\"><div class=\"bt_bb_tab_item\">\r\n\t\t\t<div class=\"bt_bb_tab_content\"><div id=\"valores-page-sociedade\" class=\"bt_bb_text\" ><h3 class=\"excelncia-sociedade-page\" style=\"text-align: center;\">Cumplicidade<\/h3>\n<p class=\"p1 texto-execelencia-page\" style=\"text-align: center;\">Um dos tra\u00e7os distintivos na Antas da Cunha Ecija \u00e9 a cumplicidade que mantemos com os nossos Clientes. Sem nunca abdicarmos da \u00e9tica e dos valores que norteiam a advocacia, entendemos que h\u00e1 v\u00e1rias sa\u00eddas para cada problema, aquele que percorremos diariamente lado a lado com cada um dos nossos clientes. E se partimos com a seguran\u00e7a de quem det\u00e9m um profundo conhecimento do Direito, aliado \u00e0 experi\u00eancia dos nossos clientes, chegaremos com sucesso ao final de cada jornada. Contornando cada obst\u00e1culo, encontrando juntos a sa\u00edda.<span class=\"Apple-converted-space\">\u00a0 <\/span>Caminhando sempre lado a lado.<\/p>\n<h3 class=\"excelncia-sociedade-page\" style=\"text-align: center;\">Seguran\u00e7a<\/h3>\n<p class=\"p1 texto-execelencia-page\" style=\"text-align: center;\">A seguran\u00e7a constr\u00f3i-se a partir da confian\u00e7a, a partir de bases s\u00f3lidas e com um labor di\u00e1rio feito de empenho, dedica\u00e7\u00e3o e conquista. Por isso, assentamos o nosso trabalho na lealdade, na confian\u00e7a, no rigor, na forma\u00e7\u00e3o cont\u00ednua e na deontologia profissional. Assumimos estes como os valores incontorn\u00e1veis que nos balizam. S\u00e3o os nossos pilares!<\/p>\n<h3 class=\"excelncia-sociedade-page\" style=\"text-align: center;\">Inova\u00e7\u00e3o<\/h3>\n<p class=\"p1 texto-execelencia-page\" style=\"text-align: center;\"><span class=\"s1\">Na Antas da Cunha Ecija sabemos que tudo \u00e9 din\u00e2mico e evolutivo. Por essa raz\u00e3o, a partilha de experi\u00eancias <\/span>com v\u00e1rias jurisdi\u00e7\u00f5es, a procura de novas solu\u00e7\u00f5es e de novos caminhos, \u00e9 um objetivo que nunca esta alcan\u00e7ado.<\/p>\n<h3 class=\"excelncia-sociedade-page\" style=\"text-align: center;\">Excel\u00eancia<\/h3>\n<p class=\"p1 texto-execelencia-page\" style=\"text-align: center;\">Na Antas da Cunha Ecija esfor\u00e7amo-nos diariamente para aprender e oferecer um servi\u00e7o que oferece ao Cliente um alto valor agregado. Para isso, apostamos no trabalho em equipa e incentivamos a iniciativa e a participa\u00e7\u00e3o de todas as pessoas envolvidas em cada projeto.<\/p>\n<\/div><\/div>\r\n\t\t<\/div><div class=\"bt_bb_tab_item\">\r\n\t\t\t<div class=\"bt_bb_tab_content\"><div id=\"premios-sociedade-page\" class=\"bt_bb_text on\" ><p>A Antas da Cunha Ecija tem vindo ao longo dos anos a arrecadar alguns dos reconhecimentos e pr\u00e9mios mais importantes em particular nas \u00e1reas de IP e IT onde foi recentemente considerada o melhor escrit\u00f3rio Espanhol em IT\/IP, bem como o escrit\u00f3rio mais inovador em Espanha.<\/p>\n<\/div><\/div>\r\n\t\t<\/div><div class=\"bt_bb_tab_item\">\r\n\t\t\t<div class=\"bt_bb_tab_content\"><div  class=\"bt_bb_text\" ><p><img loading=\"lazy\" decoding=\"async\" class=\" wp-image-4542 alignleft\" src=\"http:\/\/adcecija.pt\/wp-content\/uploads\/2020\/07\/06HrZa.jpg\" alt=\"\" width=\"148\" height=\"193\" \/><\/p>\n<p>A Antas da Cunha Ecija tem presen\u00e7a pr\u00f3pria em Portugal (Lisboa), Espanha (Madrid, Barcelona e Val\u00eancia), EUA (Miami), Chile (Santiago do Chile), Cara\u00edbas e Am\u00e9rica Central (Costa Rica, Republica Dominicana, Panam\u00e1, Guatemala, El Salvador, Honduras, Nicar\u00e1gua).<\/p>\n<p>Al\u00e9m disso e para chegarmos ainda mais longe com os nossos clientes, a Antas da Cunha Ecija estabeleceu uma s\u00e9rie de parcerias estrat\u00e9gicas com escrit\u00f3rios estrangeiros de renome em outras localiza\u00e7\u00f5es.<\/p>\n<p>Assim, consegue, tanto a n\u00edvel nacional como no estrangeiro, indicar aos seus clientes escrit\u00f3rios que prestam os seus servi\u00e7os com a qualidade a que a Antas da Cunha Ecija os habituou.<\/p>\n<p>A sociedade mant\u00e9m ainda um permanente alargamento de contactos com o exterior atrav\u00e9s da presen\u00e7a em eventos e associa\u00e7\u00f5es internacionais como \u00e9 o caso da International Bar Association da qual somos membros. Como a parceria exclusiva com a sociedade de Advogados Brasileira \u2013 Opice Blum, Bruno, Abrusio e Vainzof Advogados Associados, altamente especializada em direito digital, e com mais de 80 profissionais ligados \u00e0 \u00e1rea da tecnologia.<\/p>\n<p><img loading=\"lazy\" decoding=\"async\" class=\" wp-image-4544 alignright\" src=\"http:\/\/adcecija.pt\/wp-content\/uploads\/2020\/07\/YvVcs5.jpg\" alt=\"\" width=\"198\" height=\"37\" \/><\/p>\n<p>A Antas da Cunha Ecija integra desde maio de 2017, e a ser o representante exclusivo de Portugal na rede internacional de sociedades de advogados, Interact<\/p>\n<p><img loading=\"lazy\" decoding=\"async\" class=\" wp-image-4543 alignright\" src=\"http:\/\/adcecija.pt\/wp-content\/uploads\/2020\/07\/9xyBe9.jpg\" alt=\"\" width=\"196\" height=\"44\" \/><\/p>\n<p>Law (http:\/\/www.interact.law\/), tal como ocorre em Espanha.<\/p>\n<p>Abrangendo uma vasta gama de \u00e1reas de pr\u00e1tica jur\u00eddicas, os servi\u00e7os abrangentes da Interact Law est\u00e3o dispon\u00edveis para todo o tipo de necessidades: desde os private clients a grandes empresas. Trata-se, assim, de um passo importante no sentido da perspetivada e assumida internacionaliza\u00e7\u00e3o da Antas da Cunha Ecija.<\/p>\n<\/div><\/div>\r\n\t\t<\/div><\/div><\/div><\/div><\/div><\/div><\/div><\/div><\/div><!-- cell_inner --><\/div><!-- cell --><\/div><!-- port --><\/section>","protected":false},"excerpt":{"rendered":"","protected":false},"author":57,"featured_media":0,"parent":0,"menu_order":0,"comment_status":"closed","ping_status":"closed","template":"","meta":{"_exactmetrics_skip_tracking":false,"_exactmetrics_sitenote_active":false,"_exactmetrics_sitenote_note":"","_exactmetrics_sitenote_category":0,"footnotes":""},"class_list":["post-11584","page","type-page","status-publish","hentry"],"_links":{"self":[{"href":"https:\/\/adcecija.pt\/en\/wp-json\/wp\/v2\/pages\/11584","targetHints":{"allow":["GET"]}}],"collection":[{"href":"https:\/\/adcecija.pt\/en\/wp-json\/wp\/v2\/pages"}],"about":[{"href":"https:\/\/adcecija.pt\/en\/wp-json\/wp\/v2\/types\/page"}],"author":[{"embeddable":true,"href":"https:\/\/adcecija.pt\/en\/wp-json\/wp\/v2\/users\/57"}],"replies":[{"embeddable":true,"href":"https:\/\/adcecija.pt\/en\/wp-json\/wp\/v2\/comments?post=11584"}],"version-history":[{"count":0,"href":"https:\/\/adcecija.pt\/en\/wp-json\/wp\/v2\/pages\/11584\/revisions"}],"wp:attachment":[{"href":"https:\/\/adcecija.pt\/en\/wp-json\/wp\/v2\/media?parent=11584"}],"curies":[{"name":"wp","href":"https:\/\/api.w.org\/{rel}","templated":true}]}}